{"id":1061,"date":"2021-10-05T21:12:53","date_gmt":"2021-10-05T21:12:53","guid":{"rendered":"https:\/\/www.agentiaimpreuna.ro\/scoala-incluziva\/?page_id=1061"},"modified":"2024-04-26T15:09:45","modified_gmt":"2024-04-26T15:09:45","slug":"formare","status":"publish","type":"page","link":"https:\/\/www.agentiaimpreuna.ro\/scoala-incluziva\/formare\/","title":{"rendered":"Formare"},"content":{"rendered":"\n<div style=\"height:100px\" aria-hidden=\"true\" class=\"wp-block-spacer\"><\/div>\n\n\n<\/p>\n\n\n\n<h2 class=\"wp-block-heading\">Activit\u0103\u021bi de formare pentru profesorii care lucreaza cu elevii romi<\/h2>\n\n\n\n<p>Profesorii \u0219i \u00eenv\u0103\u021b\u0103torii din cele cinci \u0219coli partenere vor participa la c\u00e2te 16 ore\/tematic\u0103 \u00een fiecare din cele 4 domenii necesare abord\u0103rii incluziunii efective a copiilor romi, \u0219i anume:<\/p>\n\n\n\n<ol class=\"wp-block-list\">\n<li>abordare centrat\u0103 pe nevoile elevului;<\/li>\n\n\n\n<li>\u0219coala incluziv\u0103;<\/li>\n\n\n\n<li>democra\u021bie;<\/li>\n\n\n\n<li>drepturile omului.<\/li>\n<\/ol>\n\n\n\n<p>Formarea se va desf\u0103\u0219ura pe o perioad\u0103 de c\u00e2te 2 zile pentru fiecare domeniu. Formarea va \u00eembina elemente de teorie cu elemente practice privind metodele \u0219i tehnicile care pot transforma \u0219coala \u00eentr-una incluziv\u0103. Elementul de inovare al cursului va fi acela c\u0103 participan\u021bii vor ob\u021bine o adeverin\u021b\u0103 care s\u0103 certifice competen\u021bele aferente celor patru domenii doar dac\u0103 vor dovedi c\u0103 au aplicat \u00een \u0219coal\u0103 metodele deprinse la curs. Multiplicarea acestor metode deprinse va fi realizat\u0103 pe echipe de c\u0103tre profesori \u00een cadrul cercurilor metodice de la nivel jude\u021bean.<\/p>\n\n\n\n<p><em>Update:<\/em><\/p>\n\n\n\n<p>Au fost formate 80 de cadre didactice in tematici precum abordarea centrata pe ele, scoala incluziva, democratie, drepturile omului a contribuit la crearea unei culturi incluzive la nivelul celor 5 scoli implicate in proiect. Cadrele didactice au avut oportunitatea sa faca schimb de experienta, sa invete noi metode si tehnici la clasa si sa le adapteze in functie de contextul local.<\/p>\n\n\n\n<p>Participantii au fost impartiti in 4 grupe si au participat la cate o formare, cu o durata de 2 zile. Formarea a \u00eembinat elemente de teorie privind abordarea centrat\u0103 cu elemente practice privind metodele \u0219i tehnicile care se pot folosi la clas\u0103. Temele atinse \u00een cadrul form\u0103rilor au fost: Abord\u0103ri de predare centrate pe elev, Formare \u00een domeniul \u0219colii incluzive, Democra\u021bia \u0219i educa\u021bia pentru cet\u0103\u021benie activ\u0103, Drepturile omului\/ copilului, toleran\u021b\u0103 \u0219i anti-discriminare. <\/p>\n\n\n\n<p><br><\/p>\n\n\n<p>\n\n\n\n\n\n\n<div style=\"height:100px\" aria-hidden=\"true\" class=\"wp-block-spacer\"><\/div>\n","protected":false},"excerpt":{"rendered":"","protected":false},"author":1,"featured_media":1155,"parent":0,"menu_order":0,"comment_status":"closed","ping_status":"closed","template":"","meta":{"footnotes":""},"class_list":["post-1061","page","type-page","status-publish","has-post-thumbnail","hentry"],"blocksy_meta":{"styles_descriptor":{"styles":{"desktop":"","tablet":"","mobile":""},"google_fonts":[],"version":6}},"featured_image_urls_v2":{"full":["https:\/\/www.agentiaimpreuna.ro\/scoala-incluziva\/wp-content\/uploads\/2021\/10\/formare.jpg",1920,1280,false],"thumbnail":["https:\/\/www.agentiaimpreuna.ro\/scoala-incluziva\/wp-content\/uploads\/2021\/10\/formare-150x150.jpg",150,150,true],"medium":["https:\/\/www.agentiaimpreuna.ro\/scoala-incluziva\/wp-content\/uploads\/2021\/10\/formare-300x200.jpg",300,200,true],"medium_large":["https:\/\/www.agentiaimpreuna.ro\/scoala-incluziva\/wp-content\/uploads\/2021\/10\/formare-768x512.jpg",768,512,true],"large":["https:\/\/www.agentiaimpreuna.ro\/scoala-incluziva\/wp-content\/uploads\/2021\/10\/formare-1024x683.jpg",1024,683,true],"1536x1536":["https:\/\/www.agentiaimpreuna.ro\/scoala-incluziva\/wp-content\/uploads\/2021\/10\/formare-1536x1024.jpg",1536,1024,true],"2048x2048":["https:\/\/www.agentiaimpreuna.ro\/scoala-incluziva\/wp-content\/uploads\/2021\/10\/formare.jpg",1920,1280,false],"trp-custom-language-flag":["https:\/\/www.agentiaimpreuna.ro\/scoala-incluziva\/wp-content\/uploads\/2021\/10\/formare.jpg",18,12,false]},"post_excerpt_stackable_v2":"<p>Activit\u0103\u021bi de formare pentru profesorii care lucreaza cu elevii romi Profesorii \u0219i \u00eenv\u0103\u021b\u0103torii din cele cinci \u0219coli partenere vor participa la c\u00e2te 16 ore\/tematic\u0103 \u00een fiecare din cele 4 domenii necesare abord\u0103rii incluziunii efective a copiilor romi, \u0219i anume: abordare centrat\u0103 pe nevoile elevului; \u0219coala incluziv\u0103; democra\u021bie; drepturile omului. Formarea se va desf\u0103\u0219ura pe o perioad\u0103 de c\u00e2te 2 zile pentru fiecare domeniu. Formarea va \u00eembina elemente de teorie cu elemente practice privind metodele \u0219i tehnicile care pot transforma \u0219coala \u00eentr-una incluziv\u0103. Elementul de inovare al cursului va fi acela c\u0103 participan\u021bii vor ob\u021bine o adeverin\u021b\u0103 care s\u0103 certifice competen\u021bele&hellip;<\/p>\n","category_list_v2":"","author_info_v2":{"name":"agenadmin","url":"https:\/\/www.agentiaimpreuna.ro\/scoala-incluziva\/author\/agenadmin\/"},"comments_num_v2":"0 comments","_links":{"self":[{"href":"https:\/\/www.agentiaimpreuna.ro\/scoala-incluziva\/wp-json\/wp\/v2\/pages\/1061","targetHints":{"allow":["GET"]}}],"collection":[{"href":"https:\/\/www.agentiaimpreuna.ro\/scoala-incluziva\/wp-json\/wp\/v2\/pages"}],"about":[{"href":"https:\/\/www.agentiaimpreuna.ro\/scoala-incluziva\/wp-json\/wp\/v2\/types\/page"}],"author":[{"embeddable":true,"href":"https:\/\/www.agentiaimpreuna.ro\/scoala-incluziva\/wp-json\/wp\/v2\/users\/1"}],"replies":[{"embeddable":true,"href":"https:\/\/www.agentiaimpreuna.ro\/scoala-incluziva\/wp-json\/wp\/v2\/comments?post=1061"}],"version-history":[{"count":7,"href":"https:\/\/www.agentiaimpreuna.ro\/scoala-incluziva\/wp-json\/wp\/v2\/pages\/1061\/revisions"}],"predecessor-version":[{"id":2036,"href":"https:\/\/www.agentiaimpreuna.ro\/scoala-incluziva\/wp-json\/wp\/v2\/pages\/1061\/revisions\/2036"}],"wp:featuredmedia":[{"embeddable":true,"href":"https:\/\/www.agentiaimpreuna.ro\/scoala-incluziva\/wp-json\/wp\/v2\/media\/1155"}],"wp:attachment":[{"href":"https:\/\/www.agentiaimpreuna.ro\/scoala-incluziva\/wp-json\/wp\/v2\/media?parent=1061"}],"curies":[{"name":"wp","href":"https:\/\/api.w.org\/{rel}","templated":true}]}}