{"id":989,"date":"2020-06-17T17:01:21","date_gmt":"2020-06-17T17:01:21","guid":{"rendered":"https:\/\/demo.creativethemes.com\/blocksy\/charity\/?page_id=87"},"modified":"2021-07-08T17:54:19","modified_gmt":"2021-07-08T17:54:19","slug":"prezentare-parteneri","status":"publish","type":"page","link":"https:\/\/www.agentiaimpreuna.ro\/putem-mai-mult\/en\/prezentare-parteneri\/","title":{"rendered":"Partner Presentation"},"content":{"rendered":"<div class=\"wp-block-ugb-spacer ugb-spacer ugb-3245f85 ugb-spacer--v2 ugb-main-block\"><style>@media screen and (min-width:768px){.ugb-3245f85.ugb-spacer{height:100px}}<\/style><div class=\"ugb-inner-block\"><div class=\"ugb-block-content\"><div class=\"ugb-spacer--inner\"><\/div><\/div><\/div><\/div>\n\n\n\n<div class=\"wp-block-ugb-heading ugb-heading ugb-75a29b2 ugb-main-block\"><style>.ugb-75a29b2 .ugb-heading__title{text-align:center}.ugb-75a29b2 .ugb-inner-block{text-align:center}<\/style><div class=\"ugb-inner-block\"><div class=\"ugb-block-content\"><h3 class=\"ugb-heading__title\">Applicant: Foundation Agency \"\u00cempreun\u0103\"<\/h3><p class=\"ugb-heading__subtitle\">The project is implemented in a broad partnership and includes as an applicant: <a href=\"https:\/\/www.agentiaimpreuna.ro\/putem-mai-mult\/en\/\">Foundation Agency \"\u00cempreun\u0103\"<\/a><\/p><\/div><\/div><\/div>\n\n\n\n<div class=\"wp-block-ugb-spacer ugb-spacer ugb-343e232 ugb-spacer--v2 ugb-main-block\"><div class=\"ugb-inner-block\"><div class=\"ugb-block-content\"><div class=\"ugb-spacer--inner\"><\/div><\/div><\/div><\/div>\n\n\n\n<div class=\"aligncenter wp-block-ugb-columns ugb-columns ugb-5cd7f96 ugb-columns--design-plain ugb-columns--columns-2 ugb-main-block\"><div class=\"ugb-inner-block\"><div class=\"ugb-block-content\"><div class=\"ugb-columns__item ugb-5cd7f96-content-wrapper\">\n<div class=\"wp-block-ugb-column ugb-column ugb-42a829a ugb-column--design-plain ugb-main-block\"><div class=\"ugb-inner-block\"><div class=\"ugb-block-content\"><div class=\"ugb-column__item ugb-42a829a-column-wrapper\"><div class=\"ugb-column__content-wrapper\">\n<div class=\"alignfull wp-block-ugb-video-popup ugb-video-popup ugb-bf8e20b ugb-video-popup--v3 ugb-main-block ugb-main-block--inner-wide ugb--has-block-background\"><style>.ugb-bf8e20b .ugb-video-popup__wrapper{height:550px !important;border-radius:5px;background-color:var(--paletteColor4,#111518);background-image:url(https:\/\/www.agentiaimpreuna.ro\/putem-mai-mult\/wp-content\/uploads\/2021\/07\/poster_image_video_agentia_impreuna.png)}.ugb-bf8e20b .ugb-video-popup__play-button svg{fill:var(--paletteColor8,#ffffff) !important;height:71px;width:71px;opacity:1}.ugb-bf8e20b .ugb-video-popup__wrapper:before{background-color:var(--paletteColor4,#111518);opacity:0.4}.ugb-bf8e20b .ugb-video-popup__wrapper:hover:before{opacity:0.7}.ugb-bf8e20b{padding:0 !important}<\/style><div class=\"ugb-inner-block ugb-inner-block--wide\"><div class=\"ugb-block-content\"><div class=\"ugb-video-popup__wrapper ugb--has-background-overlay\" data-video=\"https:\/\/www.agentiaimpreuna.ro\/putem-mai-mult\/wp-content\/uploads\/2021\/07\/Fundatia-Agentia-Impreuna.mp4\"><button class=\"ugb-video-popup__overlay\" aria-label=\"Play\"><span class=\"ugb-video-popup__play-button\"><svg viewbox=\"0 0 256 320\" xmlns=\"http:\/\/www.w3.org\/2000\/svg\" class=\"ugb-play-button-normal\" width=\"30\" height=\"30\"><path d=\"M0 0v320l256-160L0 0z\"><\/path><\/svg><\/span><\/button><\/div><\/div><\/div><\/div>\n<\/div><\/div><\/div><\/div><\/div>\n\n\n\n<div class=\"wp-block-ugb-column ugb-column ugb-5985b6a ugb-column--design-plain ugb-main-block\"><style>.ugb-5985b6a .ugb-inner-block{text-align:left}.ugb-5985b6a > .ugb-inner-block > .ugb-block-content > *{justify-content:center !important}<\/style><div class=\"ugb-inner-block\"><div class=\"ugb-block-content\"><div class=\"ugb-column__item ugb-5985b6a-column-wrapper\"><div class=\"ugb-column__content-wrapper\">\n<div class=\"wp-block-ugb-heading ugb-heading ugb-f9f24da ugb-main-block\"><div class=\"ugb-inner-block\"><div class=\"ugb-block-content\"><h2 class=\"ugb-heading__title\">Foundation Agency \"\u00cempreun\u0103\"<\/h2><p class=\"ugb-heading__subtitle\">Roma organization with activities aimed at the development of Roma communities with a history of over 20 years.<\/p><\/div><\/div><\/div>\n<\/div><\/div><\/div><\/div><\/div>\n<\/div><\/div><\/div><\/div>\n\n\n\n<div class=\"wp-block-ugb-spacer ugb-spacer ugb-37ad8b9 ugb-spacer--v2 ugb-main-block\"><style>@media screen and (min-width:768px){.ugb-37ad8b9.ugb-spacer{height:50px}}<\/style><div class=\"ugb-inner-block\"><div class=\"ugb-block-content\"><div class=\"ugb-spacer--inner\"><\/div><\/div><\/div><\/div>\n\n\n\n<div class=\"wp-block-ugb-heading ugb-heading ugb-fa99e14 ugb-main-block\"><style>.ugb-fa99e14 .ugb-heading__title{text-align:center}.ugb-fa99e14 .ugb-heading__bottom-line{margin-left:auto !important;margin-right:auto !important}.ugb-fa99e14 .ugb-inner-block{text-align:center}<\/style><div class=\"ugb-inner-block\"><div class=\"ugb-block-content\"><h2 class=\"ugb-heading__title\">And as partners<\/h2><div class=\"ugb-heading__bottom-line\"><\/div><\/div><\/div><\/div>\n\n\n\n<div class=\"wp-block-ugb-spacer ugb-spacer ugb-bc3c11e ugb-spacer--v2 ugb-main-block\"><style>@media screen and (min-width:768px){.ugb-bc3c11e.ugb-spacer{height:50px}}<\/style><div class=\"ugb-inner-block\"><div class=\"ugb-block-content\"><div class=\"ugb-spacer--inner\"><\/div><\/div><\/div><\/div>\n\n\n\n<div class=\"wp-block-ugb-columns ugb-columns ugb-890d3bf ugb-columns--design-plain ugb-columns--columns-2 ugb-main-block\"><div class=\"ugb-inner-block\"><div class=\"ugb-block-content\"><div class=\"ugb-columns__item ugb-890d3bf-content-wrapper\">\n<div class=\"wp-block-ugb-column ugb-column ugb-07426e9 ugb-column--design-plain ugb-main-block\"><style>.ugb-07426e9 > .ugb-inner-block > .ugb-block-content > *{justify-content:center !important}<\/style><div class=\"ugb-inner-block\"><div class=\"ugb-block-content\"><div class=\"ugb-column__item ugb-07426e9-column-wrapper\"><div class=\"ugb-column__content-wrapper\">\n<div class=\"wp-block-ugb-heading ugb-heading ugb-6db0f78 ugb-main-block\"><div class=\"ugb-inner-block\"><div class=\"ugb-block-content\"><h2 class=\"ugb-heading__title\">The Roma Amare Rromentza Center Association<\/h2><p class=\"ugb-heading__subtitle\">Roma organization that promotes Roma culture and identity<\/p><\/div><\/div><\/div>\n<\/div><\/div><\/div><\/div><\/div>\n\n\n\n<div class=\"wp-block-ugb-column ugb-column ugb-daf7ed2 ugb-column--design-plain ugb-main-block\"><div class=\"ugb-inner-block\"><div class=\"ugb-block-content\"><div class=\"ugb-column__item ugb-daf7ed2-column-wrapper\"><div class=\"ugb-column__content-wrapper\">\n<div class=\"wp-block-ugb-video-popup ugb-video-popup ugb-cdd7cbf ugb-video-popup--v3 ugb-main-block\"><style>.ugb-cdd7cbf .ugb-video-popup__wrapper{height:550px !important;background-color:#000000;background-image:url(https:\/\/www.agentiaimpreuna.ro\/putem-mai-mult\/wp-content\/uploads\/2021\/07\/poster_image-Asociatia-Centrul-Rromilor-Amare-Rromentza.png)}.ugb-cdd7cbf .ugb-video-popup__wrapper:before{background-color:#000000;opacity:0.5}.ugb-cdd7cbf .ugb-video-popup__wrapper:hover:before{opacity:0.2}<\/style><div class=\"ugb-inner-block\"><div class=\"ugb-block-content\"><div class=\"ugb-video-popup__wrapper ugb--has-background-overlay\" data-video=\"https:\/\/www.agentiaimpreuna.ro\/putem-mai-mult\/wp-content\/uploads\/2021\/07\/Asociatia-Centrul-Rromilor-Amare-Rromentza.mp4\"><button class=\"ugb-video-popup__overlay\" aria-label=\"Play\"><span class=\"ugb-video-popup__play-button\"><svg viewbox=\"0 0 256 320\" xmlns=\"http:\/\/www.w3.org\/2000\/svg\" class=\"ugb-play-button-normal\" width=\"30\" height=\"30\"><path d=\"M0 0v320l256-160L0 0z\"><\/path><\/svg><\/span><\/button><\/div><\/div><\/div><\/div>\n<\/div><\/div><\/div><\/div><\/div>\n<\/div><\/div><\/div><\/div>\n\n\n\n<div class=\"wp-block-ugb-spacer ugb-spacer ugb-7056a32 ugb-spacer--v2 ugb-main-block\"><style>@media screen and (min-width:768px){.ugb-7056a32.ugb-spacer{height:50px}}<\/style><div class=\"ugb-inner-block\"><div class=\"ugb-block-content\"><div class=\"ugb-spacer--inner\"><\/div><\/div><\/div><\/div>\n\n\n\n<div class=\"wp-block-ugb-columns ugb-columns ugb-5bf0ef4 ugb-columns--design-plain ugb-columns--columns-2 ugb-main-block\"><div class=\"ugb-inner-block\"><div class=\"ugb-block-content\"><div class=\"ugb-columns__item ugb-5bf0ef4-content-wrapper\">\n<div class=\"wp-block-ugb-column ugb-column ugb-0ae2c4b ugb-column--design-plain ugb-main-block\"><div class=\"ugb-inner-block\"><div class=\"ugb-block-content\"><div class=\"ugb-column__item ugb-0ae2c4b-column-wrapper\"><div class=\"ugb-column__content-wrapper\">\n<div class=\"wp-block-ugb-video-popup ugb-video-popup ugb-4b9cee3 ugb-video-popup--v3 ugb-main-block\"><style>.ugb-4b9cee3 .ugb-video-popup__wrapper{height:550px !important;background-color:#000000;background-image:url(https:\/\/www.agentiaimpreuna.ro\/putem-mai-mult\/wp-content\/uploads\/2021\/07\/poster_image-Centrul-National-de-Cultura-a-Romilor.png)}.ugb-4b9cee3 .ugb-video-popup__wrapper:before{background-color:#000000;opacity:0.5}.ugb-4b9cee3 .ugb-video-popup__wrapper:hover:before{opacity:0.2}<\/style><div class=\"ugb-inner-block\"><div class=\"ugb-block-content\"><div class=\"ugb-video-popup__wrapper ugb--has-background-overlay\" data-video=\"https:\/\/www.agentiaimpreuna.ro\/putem-mai-mult\/wp-content\/uploads\/2021\/07\/Centrul-National-de-Cultura-a-Romilor.mp4\"><button class=\"ugb-video-popup__overlay\" aria-label=\"Play\"><span class=\"ugb-video-popup__play-button\"><svg viewbox=\"0 0 256 320\" xmlns=\"http:\/\/www.w3.org\/2000\/svg\" class=\"ugb-play-button-normal\" width=\"30\" height=\"30\"><path d=\"M0 0v320l256-160L0 0z\"><\/path><\/svg><\/span><\/button><\/div><\/div><\/div><\/div>\n<\/div><\/div><\/div><\/div><\/div>\n\n\n\n<div class=\"wp-block-ugb-column ugb-column ugb-03b68d2 ugb-column--design-plain ugb-main-block\"><style>.ugb-03b68d2 .ugb-inner-block{text-align:left}.ugb-03b68d2 > .ugb-inner-block > .ugb-block-content > *{justify-content:center !important}<\/style><div class=\"ugb-inner-block\"><div class=\"ugb-block-content\"><div class=\"ugb-column__item ugb-03b68d2-column-wrapper\"><div class=\"ugb-column__content-wrapper\">\n<div class=\"wp-block-ugb-heading ugb-heading ugb-7e3c946 ugb-main-block\"><style>.ugb-7e3c946 .ugb-heading__title{text-align:left}.ugb-7e3c946 .ugb-inner-block{text-align:left}<\/style><div class=\"ugb-inner-block\"><div class=\"ugb-block-content\"><h2 class=\"ugb-heading__title\">Romano-Kher National Roma Culture Center<\/h2><p class=\"ugb-heading__subtitle\">The Public institution that aims to preserve, promote and develop the ethno-cultural values of the Roma community.<\/p><\/div><\/div><\/div>\n<\/div><\/div><\/div><\/div><\/div>\n<\/div><\/div><\/div><\/div>\n\n\n\n<p><br> <br><\/p>\n\n\n\n<div class=\"wp-block-ugb-spacer ugb-spacer ugb-bbe1c72 ugb-spacer--v2 ugb-main-block\"><style>@media screen and (min-width:768px){.ugb-bbe1c72.ugb-spacer{height:50px}}<\/style><div class=\"ugb-inner-block\"><div class=\"ugb-block-content\"><div class=\"ugb-spacer--inner\"><\/div><\/div><\/div><\/div>\n\n\n\n<div class=\"wp-block-ugb-heading ugb-heading ugb-b3c20d7 ugb-main-block\"><style>.ugb-b3c20d7 .ugb-heading__title{text-align:center}.ugb-b3c20d7 .ugb-heading__bottom-line{margin-left:auto !important;margin-right:auto !important}.ugb-b3c20d7 .ugb-inner-block{text-align:center}<\/style><div class=\"ugb-inner-block\"><div class=\"ugb-block-content\"><h2 class=\"ugb-heading__title\">Together with 5 Roma NGOs from local\/county level<\/h2><div class=\"ugb-heading__bottom-line\"><\/div><\/div><\/div><\/div>\n\n\n\n<div class=\"wp-block-ugb-spacer ugb-spacer ugb-f674353 ugb-spacer--v2 ugb-main-block\"><div class=\"ugb-inner-block\"><div class=\"ugb-block-content\"><div class=\"ugb-spacer--inner\"><\/div><\/div><\/div><\/div>\n\n\n\n<div class=\"wp-block-ugb-columns ugb-columns ugb-6120c54 ugb-columns--design-plain ugb-columns--columns-2 ugb-main-block\"><div class=\"ugb-inner-block\"><div class=\"ugb-block-content\"><div class=\"ugb-columns__item ugb-6120c54-content-wrapper\">\n<div class=\"wp-block-ugb-column ugb-column ugb-f898252 ugb-column--design-plain ugb-main-block\"><style>.ugb-f898252 > .ugb-inner-block > .ugb-block-content > *{justify-content:center !important}<\/style><div class=\"ugb-inner-block\"><div class=\"ugb-block-content\"><div class=\"ugb-column__item ugb-f898252-column-wrapper\"><div class=\"ugb-column__content-wrapper\">\n<h2 class=\"wp-block-heading\">The Marginalized Communities Association Boto\u0219ani<\/h2>\n\n\n\n<p>The Marginalized Communities Association Boto\u0219ani has joined the \"We can do more together\" project as a local partner! Together we increase Roma inclusion and make the voice of the Roma in Boto\u0219ani heard.<\/p>\n<\/div><\/div><\/div><\/div><\/div>\n\n\n\n<div class=\"wp-block-ugb-column ugb-column ugb-3c65d5c ugb-column--design-plain ugb-main-block\"><div class=\"ugb-inner-block\"><div class=\"ugb-block-content\"><div class=\"ugb-column__item ugb-3c65d5c-column-wrapper\"><div class=\"ugb-column__content-wrapper\">\n<div class=\"wp-block-ugb-video-popup ugb-video-popup ugb-62a179f ugb-video-popup--v3 ugb-main-block\"><style>.ugb-62a179f .ugb-video-popup__wrapper{height:550px !important;background-color:#000000;background-image:url(https:\/\/www.agentiaimpreuna.ro\/putem-mai-mult\/wp-content\/uploads\/2021\/07\/poster_image_2-Asociatia-Comunitatilor-Marginalizate-Botosani.png)}.ugb-62a179f .ugb-video-popup__wrapper:before{background-color:#000000;opacity:0.5}.ugb-62a179f .ugb-video-popup__wrapper:hover:before{opacity:0.2}<\/style><div class=\"ugb-inner-block\"><div class=\"ugb-block-content\"><div class=\"ugb-video-popup__wrapper ugb--has-background-overlay\" data-video=\"https:\/\/www.agentiaimpreuna.ro\/putem-mai-mult\/wp-content\/uploads\/2021\/07\/Asociatia-Comunitatilor-Marginalizate-Botosani.mp4\"><button class=\"ugb-video-popup__overlay\" aria-label=\"Play\"><span class=\"ugb-video-popup__play-button\"><svg viewbox=\"0 0 256 320\" xmlns=\"http:\/\/www.w3.org\/2000\/svg\" class=\"ugb-play-button-normal\" width=\"30\" height=\"30\"><path d=\"M0 0v320l256-160L0 0z\"><\/path><\/svg><\/span><\/button><\/div><\/div><\/div><\/div>\n<\/div><\/div><\/div><\/div><\/div>\n<\/div><\/div><\/div><\/div>\n\n\n\n<div class=\"wp-block-ugb-spacer ugb-spacer ugb-9a96137 ugb-spacer--v2 ugb-main-block\"><style>@media screen and (min-width:768px){.ugb-9a96137.ugb-spacer{height:100px}}<\/style><div class=\"ugb-inner-block\"><div class=\"ugb-block-content\"><div class=\"ugb-spacer--inner\"><\/div><\/div><\/div><\/div>\n\n\n\n<div class=\"wp-block-ugb-columns ugb-columns ugb-336d9c4 ugb-columns--design-plain ugb-columns--columns-2 ugb-main-block\"><div class=\"ugb-inner-block\"><div class=\"ugb-block-content\"><div class=\"ugb-columns__item ugb-336d9c4-content-wrapper\">\n<div class=\"wp-block-ugb-column ugb-column ugb-57da83b ugb-column--design-plain ugb-main-block\"><div class=\"ugb-inner-block\"><div class=\"ugb-block-content\"><div class=\"ugb-column__item ugb-57da83b-column-wrapper\"><div class=\"ugb-column__content-wrapper\">\n<div class=\"wp-block-ugb-video-popup ugb-video-popup ugb-34b5a9e ugb-video-popup--v3 ugb-main-block\"><style>.ugb-34b5a9e .ugb-video-popup__wrapper{height:550px !important;background-color:#000000;background-image:url(https:\/\/www.agentiaimpreuna.ro\/putem-mai-mult\/wp-content\/uploads\/2021\/07\/poster_image-Asociatia-Romilor-din-Fagaras.png)}.ugb-34b5a9e .ugb-video-popup__wrapper:before{background-color:#000000;opacity:0.5}.ugb-34b5a9e .ugb-video-popup__wrapper:hover:before{opacity:0.2}<\/style><div class=\"ugb-inner-block\"><div class=\"ugb-block-content\"><div class=\"ugb-video-popup__wrapper ugb--has-background-overlay\" data-video=\"https:\/\/www.agentiaimpreuna.ro\/putem-mai-mult\/wp-content\/uploads\/2021\/07\/Asociatia-Romilor-din-Fagaras.mp4\"><button class=\"ugb-video-popup__overlay\" aria-label=\"Play\"><span class=\"ugb-video-popup__play-button\"><svg viewbox=\"0 0 256 320\" xmlns=\"http:\/\/www.w3.org\/2000\/svg\" class=\"ugb-play-button-normal\" width=\"30\" height=\"30\"><path d=\"M0 0v320l256-160L0 0z\"><\/path><\/svg><\/span><\/button><\/div><\/div><\/div><\/div>\n<\/div><\/div><\/div><\/div><\/div>\n\n\n\n<div class=\"wp-block-ugb-column ugb-column ugb-d99ddcb ugb-column--design-plain ugb-main-block\"><style>.ugb-d99ddcb > .ugb-inner-block > .ugb-block-content > *{justify-content:center !important}<\/style><div class=\"ugb-inner-block\"><div class=\"ugb-block-content\"><div class=\"ugb-column__item ugb-d99ddcb-column-wrapper\"><div class=\"ugb-column__content-wrapper\">\n<h2 class=\"wp-block-heading\">The F\u0103g\u0103ra\u0219 Roma Association<\/h2>\n\n\n\n<p>One of the five local partners of the project is the Roma Association from F\u0103g\u0103ra\u0219. There are many reasons for which we've ended up working together.<\/p>\n<\/div><\/div><\/div><\/div><\/div>\n<\/div><\/div><\/div><\/div>\n\n\n\n<div class=\"wp-block-ugb-spacer ugb-spacer ugb-12bfa3c ugb-spacer--v2 ugb-main-block\"><style>@media screen and (min-width:768px){.ugb-12bfa3c.ugb-spacer{height:100px}}<\/style><div class=\"ugb-inner-block\"><div class=\"ugb-block-content\"><div class=\"ugb-spacer--inner\"><\/div><\/div><\/div><\/div>\n\n\n\n<div class=\"wp-block-ugb-columns ugb-columns ugb-9fee6be ugb-columns--design-plain ugb-columns--columns-2 ugb-main-block\"><div class=\"ugb-inner-block\"><div class=\"ugb-block-content\"><div class=\"ugb-columns__item ugb-9fee6be-content-wrapper\">\n<div class=\"wp-block-ugb-column ugb-column ugb-b3477d4 ugb-column--design-plain ugb-main-block\"><style>.ugb-b3477d4 > .ugb-inner-block > .ugb-block-content > *{justify-content:center !important}<\/style><div class=\"ugb-inner-block\"><div class=\"ugb-block-content\"><div class=\"ugb-column__item ugb-b3477d4-column-wrapper\"><div class=\"ugb-column__content-wrapper\">\n<h2 class=\"wp-block-heading\">The DANROM F\u0103urei Association<\/h2>\n\n\n\n<p>One of the local partners of the project is The DANROM F\u0103urei Association. We are glad that we have the opportunity to work together and we hope that through the video description you will get to know the things that brought us together in the project!<\/p>\n<\/div><\/div><\/div><\/div><\/div>\n\n\n\n<div class=\"wp-block-ugb-column ugb-column ugb-81bc481 ugb-column--design-plain ugb-main-block\"><div class=\"ugb-inner-block\"><div class=\"ugb-block-content\"><div class=\"ugb-column__item ugb-81bc481-column-wrapper\"><div class=\"ugb-column__content-wrapper\">\n<div class=\"wp-block-ugb-video-popup ugb-video-popup ugb-711c647 ugb-video-popup--v3 ugb-main-block\"><style>.ugb-711c647 .ugb-video-popup__wrapper{height:550px !important;background-color:#000000;background-image:url(https:\/\/www.agentiaimpreuna.ro\/putem-mai-mult\/wp-content\/uploads\/2021\/07\/poster_image-Asociatia-Danrom.png)}.ugb-711c647 .ugb-video-popup__wrapper:before{background-color:#000000;opacity:0.5}.ugb-711c647 .ugb-video-popup__wrapper:hover:before{opacity:0.2}<\/style><div class=\"ugb-inner-block\"><div class=\"ugb-block-content\"><div class=\"ugb-video-popup__wrapper ugb--has-background-overlay\" data-video=\"https:\/\/www.agentiaimpreuna.ro\/putem-mai-mult\/wp-content\/uploads\/2021\/07\/Asociatia-Danrom.mp4\"><button class=\"ugb-video-popup__overlay\" aria-label=\"Play\"><span class=\"ugb-video-popup__play-button\"><svg viewbox=\"0 0 256 320\" xmlns=\"http:\/\/www.w3.org\/2000\/svg\" class=\"ugb-play-button-normal\" width=\"30\" height=\"30\"><path d=\"M0 0v320l256-160L0 0z\"><\/path><\/svg><\/span><\/button><\/div><\/div><\/div><\/div>\n<\/div><\/div><\/div><\/div><\/div>\n<\/div><\/div><\/div><\/div>\n\n\n\n<div class=\"wp-block-ugb-spacer ugb-spacer ugb-b10c188 ugb-spacer--v2 ugb-main-block\"><style>@media screen and (min-width:768px){.ugb-b10c188.ugb-spacer{height:100px}}<\/style><div class=\"ugb-inner-block\"><div class=\"ugb-block-content\"><div class=\"ugb-spacer--inner\"><\/div><\/div><\/div><\/div>\n\n\n\n<div class=\"wp-block-ugb-columns ugb-columns ugb-010af21 ugb-columns--design-plain ugb-columns--columns-2 ugb-main-block\"><div class=\"ugb-inner-block\"><div class=\"ugb-block-content\"><div class=\"ugb-columns__item ugb-010af21-content-wrapper\">\n<div class=\"wp-block-ugb-column ugb-column ugb-0f6f172 ugb-column--design-plain ugb-main-block\"><div class=\"ugb-inner-block\"><div class=\"ugb-block-content\"><div class=\"ugb-column__item ugb-0f6f172-column-wrapper\"><div class=\"ugb-column__content-wrapper\">\n<div class=\"wp-block-ugb-video-popup ugb-video-popup ugb-7481f01 ugb-video-popup--v3 ugb-main-block\"><style>.ugb-7481f01 .ugb-video-popup__wrapper{height:550px !important;background-color:#000000;background-image:url(https:\/\/www.agentiaimpreuna.ro\/putem-mai-mult\/wp-content\/uploads\/2021\/07\/poster_image-Agentia-de-Dezvoltare-Comunitara-Buzau.png)}.ugb-7481f01 .ugb-video-popup__wrapper:before{background-color:#000000;opacity:0.5}.ugb-7481f01 .ugb-video-popup__wrapper:hover:before{opacity:0.2}<\/style><div class=\"ugb-inner-block\"><div class=\"ugb-block-content\"><div class=\"ugb-video-popup__wrapper ugb--has-background-overlay\" data-video=\"https:\/\/www.agentiaimpreuna.ro\/putem-mai-mult\/wp-content\/uploads\/2021\/07\/Agentia-de-Dezvoltare-Comunitara-Buzau.mp4\"><button class=\"ugb-video-popup__overlay\" aria-label=\"Play\"><span class=\"ugb-video-popup__play-button\"><svg viewbox=\"0 0 256 320\" xmlns=\"http:\/\/www.w3.org\/2000\/svg\" class=\"ugb-play-button-normal\" width=\"30\" height=\"30\"><path d=\"M0 0v320l256-160L0 0z\"><\/path><\/svg><\/span><\/button><\/div><\/div><\/div><\/div>\n<\/div><\/div><\/div><\/div><\/div>\n\n\n\n<div class=\"wp-block-ugb-column ugb-column ugb-7ddc0fd ugb-column--design-plain ugb-main-block\"><style>.ugb-7ddc0fd > .ugb-inner-block > .ugb-block-content > *{justify-content:center !important}<\/style><div class=\"ugb-inner-block\"><div class=\"ugb-block-content\"><div class=\"ugb-column__item ugb-7ddc0fd-column-wrapper\"><div class=\"ugb-column__content-wrapper\">\n<h2 class=\"wp-block-heading\">The Community Development Agency in Buz\u0103u<\/h2>\n\n\n\n<p>One of our trustworthy local partners in the program is the Community Development Agency! Together we will make the voice of the Roma in Buz\u0103u heard in order to contribute to the solving of community's issues.<\/p>\n<\/div><\/div><\/div><\/div><\/div>\n<\/div><\/div><\/div><\/div>\n\n\n\n<div class=\"wp-block-ugb-spacer ugb-spacer ugb-a1521a2 ugb-spacer--v2 ugb-main-block\"><style>@media screen and (min-width:768px){.ugb-a1521a2.ugb-spacer{height:100px}}<\/style><div class=\"ugb-inner-block\"><div class=\"ugb-block-content\"><div class=\"ugb-spacer--inner\"><\/div><\/div><\/div><\/div>\n\n\n\n<div class=\"wp-block-ugb-columns ugb-columns ugb-33dac65 ugb-columns--design-plain ugb-columns--columns-2 ugb-main-block\"><div class=\"ugb-inner-block\"><div class=\"ugb-block-content\"><div class=\"ugb-columns__item ugb-33dac65-content-wrapper\">\n<div class=\"wp-block-ugb-column ugb-column ugb-6be8dc4 ugb-column--design-plain ugb-main-block\"><style>.ugb-6be8dc4 > .ugb-inner-block > .ugb-block-content > *{justify-content:center !important}<\/style><div class=\"ugb-inner-block\"><div class=\"ugb-block-content\"><div class=\"ugb-column__item ugb-6be8dc4-column-wrapper\"><div class=\"ugb-column__content-wrapper\">\n<h2 class=\"wp-block-heading\">The Ursari Roma Association from Dag\u00e2\u021ba<\/h2>\n\n\n\n<p>The Ursari Roma Association from Dag\u00e2\u021ba is one of the five local partners of the \"Putem Mai Mult \u00cempreun\u0103\" project. The purpose of the organization is to contribute to the development of Roma communities, and together we will empower the Roma in Iasi so that they actively contribute to solving community problems and make their voices heard.<\/p>\n<\/div><\/div><\/div><\/div><\/div>\n\n\n\n<div class=\"wp-block-ugb-column ugb-column ugb-9b0d36e ugb-column--design-plain ugb-main-block\"><div class=\"ugb-inner-block\"><div class=\"ugb-block-content\"><div class=\"ugb-column__item ugb-9b0d36e-column-wrapper\"><div class=\"ugb-column__content-wrapper\">\n<div class=\"aligncenter wp-block-ugb-video-popup ugb-video-popup ugb-c375c93 ugb-video-popup--v3 ugb-main-block\"><style>.ugb-c375c93 .ugb-video-popup__wrapper{height:550px !important;background-color:#000000;background-image:url(https:\/\/www.agentiaimpreuna.ro\/putem-mai-mult\/wp-content\/uploads\/2021\/07\/poster_image-Asociatia-Romilor-Ursari-din-Dagata.png)}.ugb-c375c93 .ugb-video-popup__wrapper:before{background-color:#000000;opacity:0.5}.ugb-c375c93 .ugb-video-popup__wrapper:hover:before{opacity:0.2}<\/style><div class=\"ugb-inner-block\"><div class=\"ugb-block-content\"><div class=\"ugb-video-popup__wrapper ugb--has-background-overlay\" data-video=\"https:\/\/www.agentiaimpreuna.ro\/putem-mai-mult\/wp-content\/uploads\/2021\/07\/Asociatia-Romilor-Ursari-din-Dagata.mp4\"><button class=\"ugb-video-popup__overlay\" aria-label=\"Play\"><span class=\"ugb-video-popup__play-button\"><svg viewbox=\"0 0 256 320\" xmlns=\"http:\/\/www.w3.org\/2000\/svg\" class=\"ugb-play-button-normal\" width=\"30\" height=\"30\"><path d=\"M0 0v320l256-160L0 0z\"><\/path><\/svg><\/span><\/button><\/div><\/div><\/div><\/div>\n<\/div><\/div><\/div><\/div><\/div>\n<\/div><\/div><\/div><\/div>\n\n\n\n<div class=\"wp-block-ugb-spacer ugb-spacer ugb-5d2f30e ugb-spacer--v2 ugb-main-block\"><style>@media screen and (min-width:768px){.ugb-5d2f30e.ugb-spacer{height:100px}}<\/style><div class=\"ugb-inner-block\"><div class=\"ugb-block-content\"><div class=\"ugb-spacer--inner\"><\/div><\/div><\/div><\/div>\n\n\n\n<p><br><br><br><br><br><\/p>","protected":false},"excerpt":{"rendered":"<p>Solicitant: Funda\u021bia Agen\u021bia \u00cempreun\u0103 Proiectul este implementat \u00eentr-un parteneriat amplu \u0219i include ca solicitant Funda\u021bia Agen\u021bia \u00cempreun\u0103 Funda\u021bia Agen\u021bia \u00cempreun\u0103 Organiza\u021bie rom\u0103 cu activit\u0103\u021bi de dezvoltare a comunit\u0103\u021bilor de romi de 20 peste de ani Iar ca parteneri Asocia\u021bia Centrul Rromilor Amare Rromentza Organiza\u021bie rom\u0103 care promoveaz\u0103 cultura \u0219i identitatea rom\u0103 Centrul Na\u021bional de Cultur\u0103 a Romilor Romano-Kher Institu\u021bie public\u0103 care are drept scop conservarea, promovarea \u015fi dezvoltarea valorilor etno-culturale ale comunit\u0103\u0163ii romilor. \u00cempreun\u0103 cu 5 ONG-uri rome de la nivel local\/jude\u021bean Asocia\u021bia Comunit\u0103\u021bilor Marginalizate Boto\u0219ani Asocia\u021bia Comunit\u0103\u021bilor Marginalizate s-a al\u0103turat proiectului Putem Mai Mult \u00cempreun\u0103 \u00een calitate de partener\u2026<\/p>","protected":false},"author":1,"featured_media":747,"parent":0,"menu_order":0,"comment_status":"closed","ping_status":"closed","template":"","meta":{"footnotes":""},"class_list":["post-989","page","type-page","status-publish","has-post-thumbnail","hentry"],"blocksy_meta":{"styles_descriptor":{"styles":{"desktop":"","tablet":"","mobile":""},"google_fonts":[]}},"featured_image_urls_v2":{"full":["https:\/\/www.agentiaimpreuna.ro\/putem-mai-mult\/wp-content\/uploads\/2021\/06\/partners.jpeg",2250,1500,false],"thumbnail":["https:\/\/www.agentiaimpreuna.ro\/putem-mai-mult\/wp-content\/uploads\/2021\/06\/partners-150x150.jpeg",150,150,true],"medium":["https:\/\/www.agentiaimpreuna.ro\/putem-mai-mult\/wp-content\/uploads\/2021\/06\/partners-300x200.jpeg",300,200,true],"medium_large":["https:\/\/www.agentiaimpreuna.ro\/putem-mai-mult\/wp-content\/uploads\/2021\/06\/partners-768x512.jpeg",768,512,true],"large":["https:\/\/www.agentiaimpreuna.ro\/putem-mai-mult\/wp-content\/uploads\/2021\/06\/partners-1024x683.jpeg",1024,683,true],"1536x1536":["https:\/\/www.agentiaimpreuna.ro\/putem-mai-mult\/wp-content\/uploads\/2021\/06\/partners-1536x1024.jpeg",1536,1024,true],"2048x2048":["https:\/\/www.agentiaimpreuna.ro\/putem-mai-mult\/wp-content\/uploads\/2021\/06\/partners-2048x1365.jpeg",2048,1365,true],"trp-custom-language-flag":["https:\/\/www.agentiaimpreuna.ro\/putem-mai-mult\/wp-content\/uploads\/2021\/06\/partners.jpeg",18,12,false]},"post_excerpt_stackable_v2":"<p>Solicitant: Funda\u021bia Agen\u021bia \u00cempreun\u0103Proiectul este implementat \u00eentr-un parteneriat amplu \u0219i include ca solicitant Funda\u021bia Agen\u021bia \u00cempreun\u0103 Funda\u021bia Agen\u021bia \u00cempreun\u0103Organiza\u021bie rom\u0103 cu activit\u0103\u021bi de dezvoltare a comunit\u0103\u021bilor de romi de 20 peste de ani Iar ca parteneri Asocia\u021bia Centrul Rromilor Amare RromentzaOrganiza\u021bie rom\u0103 care promoveaz\u0103 cultura \u0219i identitatea rom\u0103 Centrul Na\u021bional de Cultur\u0103 a Romilor Romano-KherInstitu\u021bie public\u0103 care are drept scop conservarea, promovarea \u015fi dezvoltarea valorilor etno-culturale ale comunit\u0103\u0163ii romilor. \u00cempreun\u0103 cu 5 ONG-uri rome de la nivel local\/jude\u021bean Asocia\u021bia Comunit\u0103\u021bilor Marginalizate Boto\u0219ani Asocia\u021bia Comunit\u0103\u021bilor Marginalizate s-a al\u0103turat proiectului Putem Mai Mult \u00cempreun\u0103 \u00een calitate de partener local! \u00eempreun\u0103 cre\u0219tem incluziunea&hellip;<\/p>\n","category_list_v2":"","author_info_v2":{"name":"agenadmin","url":"https:\/\/www.agentiaimpreuna.ro\/putem-mai-mult\/en\/author\/agenadmin\/"},"comments_num_v2":"0 comments","_links":{"self":[{"href":"https:\/\/www.agentiaimpreuna.ro\/putem-mai-mult\/en\/wp-json\/wp\/v2\/pages\/989","targetHints":{"allow":["GET"]}}],"collection":[{"href":"https:\/\/www.agentiaimpreuna.ro\/putem-mai-mult\/en\/wp-json\/wp\/v2\/pages"}],"about":[{"href":"https:\/\/www.agentiaimpreuna.ro\/putem-mai-mult\/en\/wp-json\/wp\/v2\/types\/page"}],"author":[{"embeddable":true,"href":"https:\/\/www.agentiaimpreuna.ro\/putem-mai-mult\/en\/wp-json\/wp\/v2\/users\/1"}],"replies":[{"embeddable":true,"href":"https:\/\/www.agentiaimpreuna.ro\/putem-mai-mult\/en\/wp-json\/wp\/v2\/comments?post=989"}],"version-history":[{"count":1,"href":"https:\/\/www.agentiaimpreuna.ro\/putem-mai-mult\/en\/wp-json\/wp\/v2\/pages\/989\/revisions"}],"predecessor-version":[{"id":1052,"href":"https:\/\/www.agentiaimpreuna.ro\/putem-mai-mult\/en\/wp-json\/wp\/v2\/pages\/989\/revisions\/1052"}],"wp:featuredmedia":[{"embeddable":true,"href":"https:\/\/www.agentiaimpreuna.ro\/putem-mai-mult\/en\/wp-json\/wp\/v2\/media\/747"}],"wp:attachment":[{"href":"https:\/\/www.agentiaimpreuna.ro\/putem-mai-mult\/en\/wp-json\/wp\/v2\/media?parent=989"}],"curies":[{"name":"wp","href":"https:\/\/api.w.org\/{rel}","templated":true}]}}