{"id":858,"date":"2022-04-06T19:08:45","date_gmt":"2022-04-06T19:08:45","guid":{"rendered":"https:\/\/www.agentiaimpreuna.ro\/invatamant-universitar-incluziv\/?page_id=858"},"modified":"2022-04-07T19:58:34","modified_gmt":"2022-04-07T19:58:34","slug":"capacitarea-studentilor-romi","status":"publish","type":"page","link":"https:\/\/www.agentiaimpreuna.ro\/invatamant-universitar-incluziv\/capacitarea-studentilor-romi\/","title":{"rendered":"Capacitarea studen\u021bilor romi"},"content":{"rendered":"\n<div class=\"wp-block-stackable-columns alignfull stk-block-columns stk-block stk-52f0d10 stk-block-background stk--has-background-overlay\" data-block-id=\"52f0d10\"><style>.stk-52f0d10{background-color:#0a0806 !important;background-image:url(https:\/\/www.agentiaimpreuna.ro\/invatamant-universitar-incluziv\/wp-content\/uploads\/2022\/04\/Capacitarea-studentilor-romi-scaled.jpg) !important;background-position:center center !important}.stk-52f0d10:before{background-color:#0a0806 !important;opacity:0.7 !important}.stk-52f0d10{padding-top:200px !important;padding-bottom:150px !important;margin-bottom:0px !important}@media screen and (max-width:999px){.stk-52f0d10{padding-top:200px !important;padding-bottom:150px !important}}<\/style><div class=\"stk-row stk-inner-blocks stk-block-content stk-content-align stk-52f0d10-column alignwide\">\n<div class=\"wp-block-stackable-column stk-block-column stk-column stk-block stk-76c1e59\" data-block-id=\"76c1e59\"><div class=\"stk-column-wrapper stk-block-column__content stk-container stk-76c1e59-container stk--no-background stk--no-padding\"><div class=\"stk-block-content stk-inner-blocks\">\n<div class=\"wp-block-stackable-heading stk-block-heading stk-block stk-afeea05\" id=\"capacitarea-studen\u021bilor-romi\" data-block-id=\"afeea05\"><style>.stk-afeea05{margin-bottom:15px !important}.stk-afeea05 .stk-block-heading__text{font-size:50px !important;color:var(--paletteColor8,#ffffff) !important}@media screen and (max-width:999px){.stk-afeea05 .stk-block-heading__text{font-size:35px !important}}<\/style><h2 class=\"stk-block-heading__text has-text-color has-palette-color-8-color has-text-align-center\">Capacitarea studen\u021bilor romi<\/h2><\/div>\n<\/div><\/div><\/div>\n<\/div><\/div>\n\n\n\n<div class=\"wp-block-stackable-spacer stk-block-spacer stk--no-padding stk-block stk-0f96241\" data-block-id=\"0f96241\"><\/div>\n\n\n\n<p>Activitatea va consta \u00een dezvoltarea profesional-academic\u0103 a studen\u021bilor romi \u0219i va fi \u00eemp\u0103r\u021bit\u0103 \u00een dou\u0103 etape.<\/p>\n\n\n\n<h3 class=\"wp-block-heading\">PRIMA ETAP\u0102 \u2013 selec\u021bia tinerilor romi<\/h3>\n\n\n\n<p><a><\/a> 60 de studen\u021bi romi vor beneficia de un program de cre\u0219tere a stimei de sine. Selec\u021bia tinerilor romi se va realiza \u00een prima lun\u0103 de proiect \u0219i se va \u021bine cont de:<\/p>\n\n\n\n<ul class=\"wp-block-list\"><li>apartenen\u021ba la minoritatea rom\u0103;<\/li><li>statutul de student\/\u0103 \u00een Bucure\u0219ti.<\/li><\/ul>\n\n\n\n<p>De asemenea, se va avea \u00een vedere \u0219i dimensiunea egalit\u0103\u021bii de gen.<\/p>\n\n\n\n<p>\u00cen primul an de proiect vor fi selecta\u021bi 30 de studen\u021bi romi din Bucure\u0219ti, urm\u00e2nd ca \u00een urm\u0103torul an s\u0103 fie selecta\u021bi al\u021bi 30 de studen\u021bi.<\/p>\n\n\n\n<h3 class=\"wp-block-heading\">A DOUA ETAP\u0102 \u2013 derularea programului de cre\u0219tere a stimei de sine<\/h3>\n\n\n\n<p>60 de studen\u021bi romi vor beneficia de o preg\u0103tire pentru dezvoltarea abilit\u0103\u021bilor de participare,<\/p>\n\n\n\n<p>reprezentare \u0219i, implicit, de integrare pe pia\u021ba muncii.<\/p>\n\n\n\n<p>A\u0219adar, vor fi organizate cinci \u00eent\u00e2lniri (c\u00e2te o \u00eent\u00e2lnire la fiecare dou\u0103 luni) care vor include sesiuni de formare de c\u00e2te patru zile fiecare. Temele care vor fi abordate \u00een cadrul acestor \u00eent\u00e2lniri vor cuprinde:<\/p>\n\n\n\n<ul class=\"wp-block-list\"><li>participare civic\u0103 \u0219i politic\u0103;<\/li><li>tehnici de comunicare;<\/li><li>leadership;<\/li><li>advocacy;<\/li><li>drepturile omului;<\/li><li>identitate \u0219i cultur\u0103 rom\u0103.<\/li><\/ul>\n\n\n\n<div class=\"wp-block-stackable-spacer stk-block-spacer stk--no-padding stk-block stk-7fac12a\" data-block-id=\"7fac12a\"><\/div>\n\n\n\n<figure class=\"wp-block-video\"><video height=\"788\" style=\"aspect-ratio: 940 \/ 788;\" width=\"940\" controls poster=\"https:\/\/www.agentiaimpreuna.ro\/invatamant-universitar-incluziv\/wp-content\/uploads\/2022\/04\/Capacitarea-studentilor-romi.png\" src=\"https:\/\/www.agentiaimpreuna.ro\/invatamant-universitar-incluziv\/wp-content\/uploads\/2022\/04\/4.-Capacitarea-student\u0326ilor-romi.mp4\"><\/video><\/figure>\n\n\n\n<div class=\"wp-block-stackable-spacer stk-block-spacer stk--no-padding stk-block stk-bb95a69\" data-block-id=\"bb95a69\"><\/div>\n","protected":false},"excerpt":{"rendered":"<p>Capacitarea studen\u021bilor romi Activitatea va consta \u00een dezvoltarea profesional-academic\u0103 a studen\u021bilor romi \u0219i va fi \u00eemp\u0103r\u021bit\u0103 \u00een dou\u0103 etape. PRIMA ETAP\u0102 \u2013 selec\u021bia tinerilor romi 60 de studen\u021bi romi vor beneficia de un program de cre\u0219tere a stimei de sine. Selec\u021bia tinerilor romi se va realiza \u00een prima lun\u0103 de proiect \u0219i se va \u021bine cont de: apartenen\u021ba la minoritatea rom\u0103; statutul de student\/\u0103 \u00een Bucure\u0219ti. De asemenea, se va avea \u00een vedere \u0219i dimensiunea egalit\u0103\u021bii de gen. \u00cen primul an de proiect vor fi selecta\u021bi 30 de studen\u021bi romi din Bucure\u0219ti, urm\u00e2nd ca \u00een urm\u0103torul an s\u0103 fie selecta\u021bi\u2026<\/p>\n","protected":false},"author":1,"featured_media":0,"parent":0,"menu_order":0,"comment_status":"closed","ping_status":"closed","template":"","meta":{"footnotes":""},"class_list":["post-858","page","type-page","status-publish","hentry"],"blocksy_meta":{"page_title_panel":"","has_hero_section":"disabled","2c454256ee6b2d624cc4235a0ab01732":"","hero_section":"type-1","hero_elements":[{"id":"custom_title","enabled":true,"heading_tag":"h1","title":"Home"},{"id":"custom_description","enabled":true,"description_visibility":{"desktop":true,"tablet":true,"mobile":false}},{"id":"custom_meta","enabled":false,"meta_elements":[{"id":"author","enabled":true,"label":"By","has_author_avatar":"yes","avatar_size":25},{"id":"post_date","enabled":true,"label":"On","date_format_source":"default","date_format":"M j, Y"},{"id":"updated_date","enabled":false,"label":"On","date_format_source":"default","date_format":"M j, Y"},{"id":"categories","enabled":false,"label":"In","style":"simple"},{"id":"comments","enabled":true}],"page_meta_elements":{"joined":true,"articles_count":true,"comments":true}},{"id":"breadcrumbs","enabled":false}],"550288953c4a57351e1b6ca61356d13d":"","hero_alignment1":"CT_CSS_SKIP_RULE","hero_margin":40,"hero_alignment2":"center","hero_vertical_alignment":"center","e6ad7226f985323243cd3d51d31e9c70":"","hero_structure":"narrow","dc78541e0a40806bc3b4a540ca7f9272":"","page_title_bg_type":"featured_image","custom_hero_background":{"attachment_id":null},"page_title_image_size":"full","parallax":{"desktop":false,"tablet":false,"mobile":false},"3bbb10bbc736818f95c0dd413d7b86f1":"","hero_height":"250px","pageTitleFont":{"family":"Default","variation":"Default","size":"30px","line-height":"CT_CSS_SKIP_RULE","letter-spacing":"CT_CSS_SKIP_RULE","text-transform":"CT_CSS_SKIP_RULE","text-decoration":"CT_CSS_SKIP_RULE"},"pageTitleFontColor":{"default":{"color":"CT_CSS_SKIP_RULEDEFAULT"}},"pageMetaFont":{"family":"Default","variation":"n6","size":"12px","line-height":"1.3","letter-spacing":"CT_CSS_SKIP_RULE","text-transform":"uppercase","text-decoration":"CT_CSS_SKIP_RULE"},"pageMetaFontColor":{"default":{"color":"CT_CSS_SKIP_RULEDEFAULT"},"hover":{"color":"CT_CSS_SKIP_RULEDEFAULT"}},"page_meta_button_type_font_colors":{"default":{"color":"CT_CSS_SKIP_RULEDEFAULT"},"hover":{"color":"CT_CSS_SKIP_RULEDEFAULT"}},"page_meta_button_type_background_colors":{"default":{"color":"CT_CSS_SKIP_RULEDEFAULT"},"hover":{"color":"CT_CSS_SKIP_RULEDEFAULT"}},"pageExcerptFont":{"family":"Default","variation":"Default","size":"CT_CSS_SKIP_RULE","line-height":"CT_CSS_SKIP_RULE","letter-spacing":"CT_CSS_SKIP_RULE","text-transform":"CT_CSS_SKIP_RULE","text-decoration":"CT_CSS_SKIP_RULE"},"pageExcerptColor":{"default":{"color":"CT_CSS_SKIP_RULEDEFAULT"}},"breadcrumbsFont":{"family":"Default","variation":"Default","size":"CT_CSS_SKIP_RULE","line-height":"CT_CSS_SKIP_RULE","letter-spacing":"CT_CSS_SKIP_RULE","text-transform":"CT_CSS_SKIP_RULE","text-decoration":"CT_CSS_SKIP_RULE"},"breadcrumbsFontColor":{"default":{"color":"CT_CSS_SKIP_RULEDEFAULT"},"initial":{"color":"CT_CSS_SKIP_RULEDEFAULT"},"hover":{"color":"CT_CSS_SKIP_RULEDEFAULT"}},"pageTitleOverlay":{"background_type":"color","background_pattern":"type-1","background_image":{"attachment_id":null,"x":0,"y":0},"gradient":"linear-gradient(135deg,rgba(6,147,227,1) 0%,rgb(155,81,224) 100%)","background_repeat":"repeat","background_size":"auto","background_attachment":"scroll","patternColor":{"default":{"color":"#e5e7ea"}},"overlayColor":{"default":{"color":"CT_CSS_SKIP_RULE"}},"backgroundColor":{"default":{"color":"CT_CSS_SKIP_RULE"}}},"pageTitleBackground":{"background_type":"color","background_pattern":"type-1","background_image":{"attachment_id":null,"x":0,"y":0},"gradient":"linear-gradient(135deg,rgba(6,147,227,1) 0%,rgb(155,81,224) 100%)","background_repeat":"repeat","background_size":"auto","background_attachment":"scroll","patternColor":{"default":{"color":"#e5e7ea"}},"overlayColor":{"default":{"color":"CT_CSS_SKIP_RULE"}},"backgroundColor":{"default":{"color":"var(--paletteColor6)"}}},"pageTitlePadding":{"top":"50px","bottom":"50px","left":"auto","right":"auto","linked":true},"ff75dcc4d39f5d63a9566469c5af4aa3":"","page_structure_type":"type-3","92d67727556859a7a8bcf676bd7fc941":"","content_style_source":"inherit","content_style":"wide","vertical_spacing_source":"custom","content_area_spacing":"none","background":{"background_type":"color","background_pattern":"type-1","background_image":{"attachment_id":null,"x":0,"y":0},"gradient":"linear-gradient(135deg,rgba(6,147,227,1) 0%,rgb(155,81,224) 100%)","background_repeat":"repeat","background_size":"auto","background_attachment":"scroll","patternColor":{"default":{"color":"#e5e7ea"}},"overlayColor":{"default":{"color":"CT_CSS_SKIP_RULE"}},"backgroundColor":{"default":{"color":"CT_CSS_SKIP_RULE"}}},"content_background":{"background_type":"color","background_pattern":"type-1","background_image":{"attachment_id":null,"x":0,"y":0},"gradient":"linear-gradient(135deg,rgba(6,147,227,1) 0%,rgb(155,81,224) 100%)","background_repeat":"repeat","background_size":"auto","background_attachment":"scroll","patternColor":{"default":{"color":"#e5e7ea"}},"overlayColor":{"default":{"color":"CT_CSS_SKIP_RULE"}},"backgroundColor":{"default":{"color":"var(--paletteColor8)"}}},"content_boxed_shadow":{"inherit":false,"blur":18,"spread":-6,"v_offset":12,"h_offset":0,"inset":false,"enable":true,"color":{"color":"rgba(34, 56, 101, 0.04)"}},"boxed_content_spacing":{"desktop":{"top":"40px","bottom":"40px","left":"40px","right":"40px","linked":true},"tablet":{"top":"35px","bottom":"35px","left":"35px","right":"35px","linked":true},"mobile":{"top":"20px","bottom":"20px","left":"20px","right":"20px","linked":true}},"content_boxed_radius":{"top":"3px","bottom":"3px","left":"3px","right":"3px","linked":true},"b863eeb44664d1cf29d8354ccc0ccacb":"","disable_featured_image":"no","disable_share_box":"no","disable_header":"no","disable_footer":"no","styles_descriptor":{"styles":{"desktop":"","tablet":"","mobile":""},"google_fonts":[],"version":5}},"_links":{"self":[{"href":"https:\/\/www.agentiaimpreuna.ro\/invatamant-universitar-incluziv\/wp-json\/wp\/v2\/pages\/858","targetHints":{"allow":["GET"]}}],"collection":[{"href":"https:\/\/www.agentiaimpreuna.ro\/invatamant-universitar-incluziv\/wp-json\/wp\/v2\/pages"}],"about":[{"href":"https:\/\/www.agentiaimpreuna.ro\/invatamant-universitar-incluziv\/wp-json\/wp\/v2\/types\/page"}],"author":[{"embeddable":true,"href":"https:\/\/www.agentiaimpreuna.ro\/invatamant-universitar-incluziv\/wp-json\/wp\/v2\/users\/1"}],"replies":[{"embeddable":true,"href":"https:\/\/www.agentiaimpreuna.ro\/invatamant-universitar-incluziv\/wp-json\/wp\/v2\/comments?post=858"}],"version-history":[{"count":7,"href":"https:\/\/www.agentiaimpreuna.ro\/invatamant-universitar-incluziv\/wp-json\/wp\/v2\/pages\/858\/revisions"}],"predecessor-version":[{"id":898,"href":"https:\/\/www.agentiaimpreuna.ro\/invatamant-universitar-incluziv\/wp-json\/wp\/v2\/pages\/858\/revisions\/898"}],"wp:attachment":[{"href":"https:\/\/www.agentiaimpreuna.ro\/invatamant-universitar-incluziv\/wp-json\/wp\/v2\/media?parent=858"}],"curies":[{"name":"wp","href":"https:\/\/api.w.org\/{rel}","templated":true}]}}