{"id":852,"date":"2022-04-06T12:16:18","date_gmt":"2022-04-06T12:16:18","guid":{"rendered":"https:\/\/www.agentiaimpreuna.ro\/invatamant-universitar-incluziv\/?page_id=852"},"modified":"2022-04-07T19:57:22","modified_gmt":"2022-04-07T19:57:22","slug":"advocacy-pentru-imbunatatirea-masurilor-afirmative-pentru-incluziunea-grupurilor-vulnerabile","status":"publish","type":"page","link":"https:\/\/www.agentiaimpreuna.ro\/invatamant-universitar-incluziv\/advocacy-pentru-imbunatatirea-masurilor-afirmative-pentru-incluziunea-grupurilor-vulnerabile\/","title":{"rendered":"Advocacy pentru i\u0302mbuna\u0306ta\u0306t\u0326irea ma\u0306surilor afirmative pentru incluziunea grupurilor vulnerabile"},"content":{"rendered":"\n<div class=\"wp-block-stackable-columns alignfull stk-block-columns stk-block stk-52f0d10 stk-block-background stk--has-background-overlay\" data-block-id=\"52f0d10\"><style>.stk-52f0d10{background-color:#0a0806 !important;background-image:url(https:\/\/www.agentiaimpreuna.ro\/invatamant-universitar-incluziv\/wp-content\/uploads\/2022\/04\/Advocacy-pentru-i\u0302mbuna\u0306ta\u0306t\u0326irea-ma\u0306surilor-afirmative-pentru-incluziunea-grupurilor-vulnerabile-scaled.jpg) !important;background-position:center center !important}.stk-52f0d10:before{background-color:#0a0806 !important;opacity:0.7 !important}.stk-52f0d10{min-height:0px !important;padding-top:200px !important;padding-bottom:150px !important;margin-bottom:0px !important}@media screen and (max-width:999px){.stk-52f0d10{padding-top:200px !important;padding-bottom:150px !important}}<\/style><div class=\"stk-row stk-inner-blocks stk-block-content stk-content-align stk-52f0d10-column alignwide\">\n<div class=\"wp-block-stackable-column stk-block-column stk-column stk-block stk-76c1e59\" data-block-id=\"76c1e59\"><div class=\"stk-column-wrapper stk-block-column__content stk-container stk-76c1e59-container stk--no-background stk--no-padding\"><div class=\"stk-block-content stk-inner-blocks\">\n<div class=\"wp-block-stackable-heading stk-block-heading stk-block stk-afeea05\" id=\"advocacy-pentru-imbunatatirea-masurilor-afirmative-pentru-incluziunea-grupurilor-vulnerabile\" data-block-id=\"afeea05\"><style>.stk-afeea05{margin-bottom:15px !important}.stk-afeea05 .stk-block-heading__text{font-size:50px !important;color:var(--paletteColor8,#ffffff) !important}@media screen and (max-width:999px){.stk-afeea05 .stk-block-heading__text{font-size:35px !important}}<\/style><h2 class=\"stk-block-heading__text has-text-color has-palette-color-8-color has-text-align-center\">Advocacy pentru i\u0302mbuna\u0306ta\u0306t\u0326irea ma\u0306surilor afirmative pentru incluziunea grupurilor vulnerabile<\/h2><\/div>\n<\/div><\/div><\/div>\n<\/div><\/div>\n\n\n\n<div class=\"wp-block-stackable-spacer stk-block-spacer stk--no-padding stk-block stk-bccd798\" data-block-id=\"bccd798\"><style>.stk-bccd798{height:50px !important}@media screen and (max-width:999px){.stk-bccd798{height:70px !important}}<\/style><\/div>\n\n\n\n<p>Rezultatele studiului vor fi diseminate \u00een r\u00e2ndul managementului Universit\u0103\u021bii din Bucure\u0219ti \u0219i se vor identifica \u00eempreun\u0103 cu ace\u0219tia solu\u021bii pentru a putea fi puse \u00een practic\u0103 recomand\u0103rile de \u00eembun\u0103t\u0103\u021bire a incluziunii romilor.<\/p>\n\n\n\n<div class=\"wp-block-stackable-image stk-block-image stk-block stk-a3fb1a3\" data-block-id=\"a3fb1a3\"><style>.stk-a3fb1a3 .stk-img-wrapper img{object-position:50% 50% !important}.stk-a3fb1a3 .stk-img-wrapper{filter:drop-shadow(0px 2px 20px rgba(153,153,153,0.2)) !important;--stk-gradient-overlay:0 !important}.stk-a3fb1a3 .stk-img-wrapper img{border-radius:10px !important}<\/style><figure class=\"stk-img-wrapper stk-image--shape-stretch stk--shadow-0px 2px 20px rgba(153, 153, 153, 0.2)\"><img loading=\"lazy\" decoding=\"async\" class=\"stk-img wp-image-853\" src=\"https:\/\/www.agentiaimpreuna.ro\/invatamant-universitar-incluziv\/wp-content\/uploads\/2022\/04\/advocacy_pentru_imbunatatirea_masurilor_afirmative_1.png\" width=\"940\" height=\"788\" alt=\"advocacy_pentru_imbunatatirea_masurilor_afirmative_1\" srcset=\"https:\/\/www.agentiaimpreuna.ro\/invatamant-universitar-incluziv\/wp-content\/uploads\/2022\/04\/advocacy_pentru_imbunatatirea_masurilor_afirmative_1.png 940w, https:\/\/www.agentiaimpreuna.ro\/invatamant-universitar-incluziv\/wp-content\/uploads\/2022\/04\/advocacy_pentru_imbunatatirea_masurilor_afirmative_1-300x251.png 300w, https:\/\/www.agentiaimpreuna.ro\/invatamant-universitar-incluziv\/wp-content\/uploads\/2022\/04\/advocacy_pentru_imbunatatirea_masurilor_afirmative_1-768x644.png 768w\" sizes=\"auto, (max-width: 940px) 100vw, 940px\" \/><\/figure><\/div>\n\n\n\n<div class=\"wp-block-stackable-spacer stk-block-spacer stk--no-padding stk-block stk-3c0f0c9\" data-block-id=\"3c0f0c9\"><style>.stk-3c0f0c9{height:50px !important}@media screen and (max-width:999px){.stk-3c0f0c9{height:70px !important}}<\/style><\/div>\n\n\n\n<div class=\"wp-block-stackable-image stk-block-image stk-block stk-1683934\" data-block-id=\"1683934\"><style>.stk-1683934 .stk-img-wrapper img{object-position:50% 50% !important}.stk-1683934 .stk-img-wrapper{filter:drop-shadow(0px 2px 20px rgba(153,153,153,0.2)) !important;--stk-gradient-overlay:0 !important}.stk-1683934 .stk-img-wrapper img{border-radius:10px !important}<\/style><figure class=\"stk-img-wrapper stk-image--shape-stretch stk--shadow-0px 2px 20px rgba(153, 153, 153, 0.2)\"><img loading=\"lazy\" decoding=\"async\" class=\"stk-img wp-image-854\" src=\"https:\/\/www.agentiaimpreuna.ro\/invatamant-universitar-incluziv\/wp-content\/uploads\/2022\/04\/advocacy_pentru_imbunatatirea_masurilor_afirmative_2.png\" width=\"940\" height=\"788\" alt=\"O dezbatere nationala\" srcset=\"https:\/\/www.agentiaimpreuna.ro\/invatamant-universitar-incluziv\/wp-content\/uploads\/2022\/04\/advocacy_pentru_imbunatatirea_masurilor_afirmative_2.png 940w, https:\/\/www.agentiaimpreuna.ro\/invatamant-universitar-incluziv\/wp-content\/uploads\/2022\/04\/advocacy_pentru_imbunatatirea_masurilor_afirmative_2-300x251.png 300w, https:\/\/www.agentiaimpreuna.ro\/invatamant-universitar-incluziv\/wp-content\/uploads\/2022\/04\/advocacy_pentru_imbunatatirea_masurilor_afirmative_2-768x644.png 768w\" sizes=\"auto, (max-width: 940px) 100vw, 940px\" \/><\/figure><\/div>\n\n\n\n<div class=\"wp-block-stackable-spacer stk-block-spacer stk--no-padding stk-block stk-80d6a80\" data-block-id=\"80d6a80\"><style>.stk-80d6a80{height:50px !important}@media screen and (max-width:999px){.stk-80d6a80{height:70px !important}}<\/style><\/div>\n\n\n\n<div class=\"wp-block-stackable-image stk-block-image stk-block stk-ed61985\" data-block-id=\"ed61985\"><style>.stk-ed61985 .stk-img-wrapper img{object-position:50% 50% !important}.stk-ed61985 .stk-img-wrapper{filter:drop-shadow(0px 2px 20px rgba(153,153,153,0.2)) !important;--stk-gradient-overlay:0 !important}.stk-ed61985 .stk-img-wrapper img{border-radius:10px !important}<\/style><figure class=\"stk-img-wrapper stk-image--shape-stretch stk--shadow-0px 2px 20px rgba(153, 153, 153, 0.2)\"><img loading=\"lazy\" decoding=\"async\" class=\"stk-img wp-image-855\" src=\"https:\/\/www.agentiaimpreuna.ro\/invatamant-universitar-incluziv\/wp-content\/uploads\/2022\/04\/advocacy_pentru_imbunatatirea_masurilor_afirmative_3.png\" width=\"940\" height=\"788\" alt=\"Dezbateri si actiuni de advocacy\" srcset=\"https:\/\/www.agentiaimpreuna.ro\/invatamant-universitar-incluziv\/wp-content\/uploads\/2022\/04\/advocacy_pentru_imbunatatirea_masurilor_afirmative_3.png 940w, https:\/\/www.agentiaimpreuna.ro\/invatamant-universitar-incluziv\/wp-content\/uploads\/2022\/04\/advocacy_pentru_imbunatatirea_masurilor_afirmative_3-300x251.png 300w, https:\/\/www.agentiaimpreuna.ro\/invatamant-universitar-incluziv\/wp-content\/uploads\/2022\/04\/advocacy_pentru_imbunatatirea_masurilor_afirmative_3-768x644.png 768w\" sizes=\"auto, (max-width: 940px) 100vw, 940px\" \/><\/figure><\/div>\n\n\n\n<div class=\"wp-block-stackable-spacer stk-block-spacer stk--no-padding stk-block stk-1206670\" data-block-id=\"1206670\"><style>.stk-1206670{height:50px !important}@media screen and (max-width:999px){.stk-1206670{height:70px !important}}<\/style><\/div>\n\n\n\n<div class=\"wp-block-stackable-image stk-block-image stk-block stk-5010303\" data-block-id=\"5010303\"><style>.stk-5010303 .stk-img-wrapper img{object-position:50% 50% !important}.stk-5010303 .stk-img-wrapper{filter:drop-shadow(0px 2px 20px rgba(153,153,153,0.2)) !important;--stk-gradient-overlay:0 !important}.stk-5010303 .stk-img-wrapper img{border-radius:10px !important}<\/style><figure class=\"stk-img-wrapper stk-image--shape-stretch stk--shadow-0px 2px 20px rgba(153, 153, 153, 0.2)\"><img loading=\"lazy\" decoding=\"async\" class=\"stk-img wp-image-856\" src=\"https:\/\/www.agentiaimpreuna.ro\/invatamant-universitar-incluziv\/wp-content\/uploads\/2022\/04\/advocacy_pentru_imbunatatirea_masurilor_afirmative_4.png\" width=\"940\" height=\"788\" alt=\"Actiuni de advocacy\" srcset=\"https:\/\/www.agentiaimpreuna.ro\/invatamant-universitar-incluziv\/wp-content\/uploads\/2022\/04\/advocacy_pentru_imbunatatirea_masurilor_afirmative_4.png 940w, https:\/\/www.agentiaimpreuna.ro\/invatamant-universitar-incluziv\/wp-content\/uploads\/2022\/04\/advocacy_pentru_imbunatatirea_masurilor_afirmative_4-300x251.png 300w, https:\/\/www.agentiaimpreuna.ro\/invatamant-universitar-incluziv\/wp-content\/uploads\/2022\/04\/advocacy_pentru_imbunatatirea_masurilor_afirmative_4-768x644.png 768w\" sizes=\"auto, (max-width: 940px) 100vw, 940px\" \/><\/figure><\/div>\n\n\n\n<div class=\"wp-block-stackable-spacer stk-block-spacer stk--no-padding stk-block stk-293426f\" data-block-id=\"293426f\"><style>.stk-293426f{height:50px !important}@media screen and (max-width:999px){.stk-293426f{height:70px !important}}<\/style><\/div>\n\n\n\n<p>\u021ain\u00e2nd cont de autonomia universitar\u0103, nu vom putea propune o m\u0103sur\u0103 legislativ\u0103 unic\u0103, \u00eens\u0103 prin exemplul Universit\u0103\u021bi din Bucure\u0219ti ne dorim ca \u0219i alte universit\u0103\u021bi s\u0103 preia aceste m\u0103suri \u0219i s\u0103 le adapteze la nivelul contextului institu\u021bional propriu.<\/p>\n\n\n\n<div class=\"wp-block-stackable-spacer stk-block-spacer stk--no-padding stk-block stk-98debcd\" data-block-id=\"98debcd\"><style>.stk-98debcd{height:50px !important}@media screen and (max-width:999px){.stk-98debcd{height:70px !important}}<\/style><\/div>\n\n\n\n<p><\/p>\n","protected":false},"excerpt":{"rendered":"<p>Advocacy pentru i\u0302mbuna\u0306ta\u0306t\u0326irea ma\u0306surilor afirmative pentru incluziunea grupurilor vulnerabile Rezultatele studiului vor fi diseminate \u00een r\u00e2ndul managementului Universit\u0103\u021bii din Bucure\u0219ti \u0219i se vor identifica \u00eempreun\u0103 cu ace\u0219tia solu\u021bii pentru a putea fi puse \u00een practic\u0103 recomand\u0103rile de \u00eembun\u0103t\u0103\u021bire a incluziunii romilor. \u021ain\u00e2nd cont de autonomia universitar\u0103, nu vom putea propune o m\u0103sur\u0103 legislativ\u0103 unic\u0103, \u00eens\u0103 prin exemplul Universit\u0103\u021bi din Bucure\u0219ti ne dorim ca \u0219i alte universit\u0103\u021bi s\u0103 preia aceste m\u0103suri \u0219i s\u0103 le adapteze la nivelul contextului institu\u021bional propriu.<\/p>\n","protected":false},"author":1,"featured_media":0,"parent":0,"menu_order":0,"comment_status":"closed","ping_status":"closed","template":"","meta":{"footnotes":""},"class_list":["post-852","page","type-page","status-publish","hentry"],"blocksy_meta":{"page_title_panel":"","has_hero_section":"disabled","441bd78d1dc9ac1406ea403c3faec89a":"","hero_section":"type-1","hero_elements":[{"id":"custom_title","enabled":true,"heading_tag":"h1","title":"Home"},{"id":"custom_description","enabled":true,"description_visibility":{"desktop":true,"tablet":true,"mobile":false}},{"id":"custom_meta","enabled":false,"meta_elements":[{"id":"author","enabled":true,"label":"By","has_author_avatar":"yes","avatar_size":25},{"id":"post_date","enabled":true,"label":"On","date_format_source":"default","date_format":"M j, Y"},{"id":"updated_date","enabled":false,"label":"On","date_format_source":"default","date_format":"M j, Y"},{"id":"categories","enabled":false,"label":"In","style":"simple"},{"id":"comments","enabled":true}],"page_meta_elements":{"joined":true,"articles_count":true,"comments":true}},{"id":"breadcrumbs","enabled":false}],"038e8401a9b8891c68a3da1c8fc33669":"","hero_alignment1":"CT_CSS_SKIP_RULE","hero_margin":40,"hero_alignment2":"center","hero_vertical_alignment":"center","7615131164183448dd85afbb9de40b37":"","hero_structure":"narrow","5eaff089cec41aecbb3ab423418fa645":"","page_title_bg_type":"featured_image","custom_hero_background":{"attachment_id":null},"page_title_image_size":"full","parallax":{"desktop":false,"tablet":false,"mobile":false},"c2d1a6fce3e459bfb8c2be233787e1a2":"","hero_height":"250px","pageTitleFont":{"family":"Default","variation":"Default","size":"30px","line-height":"CT_CSS_SKIP_RULE","letter-spacing":"CT_CSS_SKIP_RULE","text-transform":"CT_CSS_SKIP_RULE","text-decoration":"CT_CSS_SKIP_RULE"},"pageTitleFontColor":{"default":{"color":"CT_CSS_SKIP_RULEDEFAULT"}},"pageMetaFont":{"family":"Default","variation":"n6","size":"12px","line-height":"1.3","letter-spacing":"CT_CSS_SKIP_RULE","text-transform":"uppercase","text-decoration":"CT_CSS_SKIP_RULE"},"pageMetaFontColor":{"default":{"color":"CT_CSS_SKIP_RULEDEFAULT"},"hover":{"color":"CT_CSS_SKIP_RULEDEFAULT"}},"page_meta_button_type_font_colors":{"default":{"color":"CT_CSS_SKIP_RULEDEFAULT"},"hover":{"color":"CT_CSS_SKIP_RULEDEFAULT"}},"page_meta_button_type_background_colors":{"default":{"color":"CT_CSS_SKIP_RULEDEFAULT"},"hover":{"color":"CT_CSS_SKIP_RULEDEFAULT"}},"pageExcerptFont":{"family":"Default","variation":"Default","size":"CT_CSS_SKIP_RULE","line-height":"CT_CSS_SKIP_RULE","letter-spacing":"CT_CSS_SKIP_RULE","text-transform":"CT_CSS_SKIP_RULE","text-decoration":"CT_CSS_SKIP_RULE"},"pageExcerptColor":{"default":{"color":"CT_CSS_SKIP_RULEDEFAULT"}},"breadcrumbsFont":{"family":"Default","variation":"Default","size":"CT_CSS_SKIP_RULE","line-height":"CT_CSS_SKIP_RULE","letter-spacing":"CT_CSS_SKIP_RULE","text-transform":"CT_CSS_SKIP_RULE","text-decoration":"CT_CSS_SKIP_RULE"},"breadcrumbsFontColor":{"default":{"color":"CT_CSS_SKIP_RULEDEFAULT"},"initial":{"color":"CT_CSS_SKIP_RULEDEFAULT"},"hover":{"color":"CT_CSS_SKIP_RULEDEFAULT"}},"pageTitleOverlay":{"background_type":"color","background_pattern":"type-1","background_image":{"attachment_id":null,"x":0,"y":0},"gradient":"linear-gradient(135deg,rgba(6,147,227,1) 0%,rgb(155,81,224) 100%)","background_repeat":"repeat","background_size":"auto","background_attachment":"scroll","patternColor":{"default":{"color":"#e5e7ea"}},"overlayColor":{"default":{"color":"CT_CSS_SKIP_RULE"}},"backgroundColor":{"default":{"color":"CT_CSS_SKIP_RULE"}}},"pageTitleBackground":{"background_type":"color","background_pattern":"type-1","background_image":{"attachment_id":null,"x":0,"y":0},"gradient":"linear-gradient(135deg,rgba(6,147,227,1) 0%,rgb(155,81,224) 100%)","background_repeat":"repeat","background_size":"auto","background_attachment":"scroll","patternColor":{"default":{"color":"#e5e7ea"}},"overlayColor":{"default":{"color":"CT_CSS_SKIP_RULE"}},"backgroundColor":{"default":{"color":"var(--paletteColor6)"}}},"pageTitlePadding":{"top":"50px","bottom":"50px","left":"auto","right":"auto","linked":true},"733186f9b37c40404274684675b57864":"","page_structure_type":"type-3","958e713e7f606afcba1ab2b6592417d9":"","content_style_source":"inherit","content_style":"wide","vertical_spacing_source":"custom","content_area_spacing":"none","background":{"background_type":"color","background_pattern":"type-1","background_image":{"attachment_id":null,"x":0,"y":0},"gradient":"linear-gradient(135deg,rgba(6,147,227,1) 0%,rgb(155,81,224) 100%)","background_repeat":"repeat","background_size":"auto","background_attachment":"scroll","patternColor":{"default":{"color":"#e5e7ea"}},"overlayColor":{"default":{"color":"CT_CSS_SKIP_RULE"}},"backgroundColor":{"default":{"color":"CT_CSS_SKIP_RULE"}}},"content_background":{"background_type":"color","background_pattern":"type-1","background_image":{"attachment_id":null,"x":0,"y":0},"gradient":"linear-gradient(135deg,rgba(6,147,227,1) 0%,rgb(155,81,224) 100%)","background_repeat":"repeat","background_size":"auto","background_attachment":"scroll","patternColor":{"default":{"color":"#e5e7ea"}},"overlayColor":{"default":{"color":"CT_CSS_SKIP_RULE"}},"backgroundColor":{"default":{"color":"var(--paletteColor8)"}}},"content_boxed_shadow":{"inherit":false,"blur":18,"spread":-6,"v_offset":12,"h_offset":0,"inset":false,"enable":true,"color":{"color":"rgba(34, 56, 101, 0.04)"}},"boxed_content_spacing":{"desktop":{"top":"40px","bottom":"40px","left":"40px","right":"40px","linked":true},"tablet":{"top":"35px","bottom":"35px","left":"35px","right":"35px","linked":true},"mobile":{"top":"20px","bottom":"20px","left":"20px","right":"20px","linked":true}},"content_boxed_radius":{"top":"3px","bottom":"3px","left":"3px","right":"3px","linked":true},"6fe5bc340646ff245a1adb1eed2efc5d":"","disable_featured_image":"no","disable_share_box":"no","disable_header":"no","disable_footer":"no","styles_descriptor":{"styles":{"desktop":"","tablet":"","mobile":""},"google_fonts":[],"version":5}},"_links":{"self":[{"href":"https:\/\/www.agentiaimpreuna.ro\/invatamant-universitar-incluziv\/wp-json\/wp\/v2\/pages\/852","targetHints":{"allow":["GET"]}}],"collection":[{"href":"https:\/\/www.agentiaimpreuna.ro\/invatamant-universitar-incluziv\/wp-json\/wp\/v2\/pages"}],"about":[{"href":"https:\/\/www.agentiaimpreuna.ro\/invatamant-universitar-incluziv\/wp-json\/wp\/v2\/types\/page"}],"author":[{"embeddable":true,"href":"https:\/\/www.agentiaimpreuna.ro\/invatamant-universitar-incluziv\/wp-json\/wp\/v2\/users\/1"}],"replies":[{"embeddable":true,"href":"https:\/\/www.agentiaimpreuna.ro\/invatamant-universitar-incluziv\/wp-json\/wp\/v2\/comments?post=852"}],"version-history":[{"count":2,"href":"https:\/\/www.agentiaimpreuna.ro\/invatamant-universitar-incluziv\/wp-json\/wp\/v2\/pages\/852\/revisions"}],"predecessor-version":[{"id":894,"href":"https:\/\/www.agentiaimpreuna.ro\/invatamant-universitar-incluziv\/wp-json\/wp\/v2\/pages\/852\/revisions\/894"}],"wp:attachment":[{"href":"https:\/\/www.agentiaimpreuna.ro\/invatamant-universitar-incluziv\/wp-json\/wp\/v2\/media?parent=852"}],"curies":[{"name":"wp","href":"https:\/\/api.w.org\/{rel}","templated":true}]}}