{"id":5,"date":"2026-07-13T09:16:15","date_gmt":"2026-07-13T06:16:15","guid":{"rendered":"https:\/\/agentiaimpreuna.ro\/educatie-si-suport\/acasa\/"},"modified":"2026-08-07T13:40:41","modified_gmt":"2026-08-07T10:40:41","slug":"acasa","status":"publish","type":"page","link":"https:\/\/www.agentiaimpreuna.ro\/educatie-si-suport\/","title":{"rendered":"Acas\u0103"},"content":{"rendered":"\n<div class=\"aies-approved-home aimx-shell alignfull alignfull\">\n<a class=\"skip-link\" href=\"#main\">Sari la con\u021binut<\/a>\n\n\n\n<div class=\"top-bar alignfull alignfull\">\n<div class=\"top-bar__inner container\">\n<p class=\"top-bar__programme\">\n<span class=\"top-bar__long\">Programul Educa\u021bie \u0219i Ocupare 2021\u20132027<\/span>\n\n\n\n<span class=\"top-bar__short\">PEO 2021\u20132027<\/span>\n\n\n\n<span>\u00b7 Proiect cod 342761<\/span>\n<\/p>\n\n\n\n<a class=\"top-bar__contact\" href=\"mailto:office@agentiaimpreuna.ro\">office@agentiaimpreuna.ro<\/a>\n<\/div>\n<\/div>\n\n\n\n<header class=\"site-header alignfull alignfull\">\n<div class=\"site-header__inner container\">\n<a class=\"site-logo\" href=\"\/educatie-si-suport\/\" aria-label=\"Educa\u021bie \u0219i Suport pentru Viitor - prima pagin\u0103\">\n<img decoding=\"async\" src=\"\/educatie-si-suport\/wp-content\/themes\/agentia-impreuna-child\/assets\/images\/project-logo\/logo-orizontal-color.png\" alt=\"Educa\u021bie \u0219i Suport pentru Viitor\" width=\"1883\" height=\"355\" loading=\"eager\" fetchpriority=\"high\"\/>\n<\/a>\n\n\n\n<nav class=\"site-nav\" id=\"site-nav\" aria-label=\"Naviga\u021bie principal\u0103\">\n<a class=\"site-nav__link\" href=\"\/educatie-si-suport\/despre-proiect\/\">Despre proiect<\/a>\n\n\n\n<div class=\"site-nav__dropdown\">\n<a class=\"site-nav__link\" href=\"\/educatie-si-suport\/descopera\/\" aria-haspopup=\"true\">Descoper\u0103<\/a>\n\n\n\n<div class=\"site-nav__submenu\">\n<a href=\"\/educatie-si-suport\/descopera\/\">Toate activit\u0103\u021bile<\/a>\n\n\n\n<span><a href=\"\/educatie-si-suport\/descopera\/a3-programe-sprijin-individualizat-elevi\/\">Sprijin individualizat<\/a><a href=\"\/educatie-si-suport\/descopera\/a4-campanie-informare-locala\/\">Campanie local\u0103<\/a><a href=\"\/educatie-si-suport\/descopera\/a5-activitati-culturale-sociale-elevi\/\">Activit\u0103\u021bi culturale \u0219i sociale<\/a><a href=\"\/educatie-si-suport\/descopera\/a6-mentorat-elevi\/\">Mentorat pentru elevi<\/a><a href=\"\/educatie-si-suport\/descopera\/a7-mentorat-cadre-didactice\/\">Mentorat pentru cadre didactice<\/a><\/span>\n<\/div>\n<\/div>\n\n\n\n<a class=\"site-nav__link\" href=\"\/educatie-si-suport\/noutati\/\">Nout\u0103\u021bi<\/a>\n\n\n\n<a class=\"site-nav__link\" href=\"\/educatie-si-suport\/contact\/\">Contact<\/a>\n<\/nav>\n\n\n\n<a class=\"button button--primary header-cta\" href=\"\/educatie-si-suport\/contact\/\">Implic\u0103-te<\/a>\n\n\n\n<details class=\"mobile-menu\">\n<summary class=\"mobile-menu__toggle\" aria-label=\"Deschide meniul\" aria-controls=\"mobile-navigation-drawer\" aria-expanded=\"false\">\n<svg viewBox=\"0 0 24 24\" width=\"24\" height=\"24\" fill=\"none\" stroke=\"currentColor\" stroke-width=\"2\" stroke-linecap=\"round\" aria-hidden=\"true\" class=\"mobile-menu__burger gsbp-7770f2a\">\n          <path d=\"M4 6h16\"><\/path>\n          <path d=\"M4 12h16\"><\/path>\n          <path d=\"M4 18h16\"><\/path>\n        <\/svg>\n<\/summary>\n\n\n\n<button class=\"mobile-menu__backdrop\" type=\"button\" data-mobile-menu-close=\"\" aria-label=\"\u00cenchide meniul\"><\/button>\n\n\n\n<aside class=\"mobile-menu__panel\" id=\"mobile-navigation-drawer\" aria-modal=\"true\" aria-label=\"Meniu principal\">\n<div class=\"mobile-menu__panel-header\">\n<a class=\"mobile-menu__brand\" href=\"\/educatie-si-suport\/\" aria-label=\"Educa\u021bie \u0219i Suport pentru Viitor - prima pagin\u0103\">\n<img decoding=\"async\" src=\"\/educatie-si-suport\/wp-content\/themes\/agentia-impreuna-child\/assets\/images\/project-logo\/logo-orizontal-color.png\" alt=\"Educa\u021bie \u0219i Suport pentru Viitor\" width=\"1883\" height=\"355\" loading=\"eager\" fetchpriority=\"high\"\/>\n<\/a>\n\n\n\n<button class=\"mobile-menu__close\" type=\"button\" data-mobile-menu-close=\"\" aria-label=\"\u00cenchide meniul\">\n<svg viewBox=\"0 0 24 24\" width=\"24\" height=\"24\" fill=\"none\" stroke=\"currentColor\" stroke-width=\"2\" stroke-linecap=\"round\" aria-hidden=\"true\" class=\"gsbp-926b5f0\">\n              <path d=\"M18 6 6 18\"><\/path>\n              <path d=\"m6 6 12 12\"><\/path>\n            <\/svg>\n<\/button>\n<\/div>\n\n\n\n<nav class=\"mobile-menu__nav\" aria-label=\"Naviga\u021bie principal\u0103 mobil\u0103\">\n<a href=\"\/educatie-si-suport\/\">Acas\u0103<\/a>\n\n\n\n<a href=\"\/educatie-si-suport\/despre-proiect\/\">Despre proiect<\/a>\n\n\n\n<div class=\"mobile-menu__section\">\n<a class=\"mobile-menu__section-link\" href=\"\/educatie-si-suport\/descopera\/\">Descoper\u0103<\/a>\n\n\n\n<div class=\"mobile-menu__group\" aria-label=\"Activit\u0103\u021bile proiectului\"><a href=\"\/educatie-si-suport\/descopera\/a3-programe-sprijin-individualizat-elevi\/\">Sprijin individualizat<\/a><a href=\"\/educatie-si-suport\/descopera\/a4-campanie-informare-locala\/\">Campanie local\u0103<\/a><a href=\"\/educatie-si-suport\/descopera\/a5-activitati-culturale-sociale-elevi\/\">Activit\u0103\u021bi culturale \u0219i sociale<\/a><a href=\"\/educatie-si-suport\/descopera\/a6-mentorat-elevi\/\">Mentorat pentru elevi<\/a><a href=\"\/educatie-si-suport\/descopera\/a7-mentorat-cadre-didactice\/\">Mentorat pentru cadre didactice<\/a><\/div>\n<\/div>\n\n\n\n<a href=\"\/educatie-si-suport\/noutati\/\">Nout\u0103\u021bi<\/a>\n\n\n\n<a href=\"\/educatie-si-suport\/contact\/\">Contact<\/a>\n<\/nav>\n\n\n\n<a class=\"mobile-menu__cta\" href=\"\/educatie-si-suport\/contact\/\">Implic\u0103-te<\/a>\n<\/aside>\n<\/details>\n<\/div>\n<\/header>\n\n\n\n<div id=\"main\">\n<section class=\"hero alignfull alignfull\" aria-labelledby=\"hero-title\">\n<img decoding=\"async\" class=\"hero-starburst-left\" src=\"\/educatie-si-suport\/wp-content\/themes\/agentia-impreuna-child\/assets\/homepage\/img\/starburst-left.png\" width=\"1254\" height=\"1254\" loading=\"lazy\" aria-hidden=\"true\"\/>\n\n\n\n<div class=\"hero__inner container\">\n<div class=\"hero__content\">\n<p class=\"overline\">Remediere, consiliere \u0219i mentorat<\/p>\n\n\n\n<h1 class=\"hero-title\" id=\"hero-title\">\n<span>Educa\u021bie \u0219i Suport pentru Viitor<\/span>\n\n\n\n<span class=\"accent\"><br><\/span>\n<\/h1>\n\n\n\n<p class=\"hero__lead\">Sprijinim copiii \u0219i tinerii romi din M\u0103cin \u0219i \u00censur\u0103\u021bei s\u0103 \u00ee\u0219i continue educa\u021bia, s\u0103 \u00ee\u0219i descopere poten\u021bialul \u0219i s\u0103 \u00ee\u0219i construiasc\u0103 viitorul.<\/p>\n\n\n\n<div class=\"hero__actions\" aria-label=\"Ac\u021biuni principale\">\n<a class=\"button button--primary\" href=\"\/educatie-si-suport\/despre-proiect\/\">Despre proiect<\/a>\n\n\n\n<a class=\"button button--secondary\" href=\"\/educatie-si-suport\/descopera\/\">Vezi activit\u0103\u021bile<\/a>\n<\/div>\n<\/div>\n\n\n\n<div class=\"hero__visual\" aria-hidden=\"true\">\n<img decoding=\"async\" class=\"hero-art\" src=\"\/educatie-si-suport\/wp-content\/themes\/agentia-impreuna-child\/assets\/homepage\/img\/hero-reaching-hands.png\" width=\"868\" height=\"660\" loading=\"lazy\"\/>\n<\/div>\n<\/div>\n<\/section>\n\n\n\n<section class=\"project-features alignfull alignfull\" id=\"activitati\" aria-labelledby=\"features-title\">\n<div class=\"project-features__inner container\">\n<header class=\"project-features__header\">\n<div>\n<p class=\"overline\">Activit\u0103\u021bile proiectului<\/p>\n\n\n\n<h2 class=\"section-title\" id=\"features-title\">Cinci direc\u021bii de sprijin, conectate \u00eentr-un singur parcurs<\/h2>\n<\/div>\n\n\n\n<div class=\"project-features__intro\">\n<p>De la recuperarea decalajelor \u0219colare p\u00e2n\u0103 la mentorat \u0219i implicarea familiei, fiecare activitate r\u0103spunde unei bariere concrete din via\u021ba elevilor.<\/p>\n\n\n\n<a class=\"text-link\" href=\"\/educatie-si-suport\/descopera\/\">\n<span>Descoper\u0103 toate activit\u0103\u021bile<\/span>\n\n\n\n<span aria-hidden=\"true\">\u2192<\/span>\n<\/a>\n<\/div>\n<\/header>\n\n\n\n<span><div class=\"project-features__grid\"><a class=\"project-feature\" href=\"\/educatie-si-suport\/descopera\/a3-programe-sprijin-individualizat-elevi\/\"><h3>Programe de sprijin individualizat pentru elevi<\/h3><p>Remediere educa\u021bional\u0103, sprijin material, consiliere psihologic\u0103 \u0219i ateliere pentru 204 elevi romi.<\/p><span class=\"project-feature__detail\"><strong>204<\/strong> elevi sprijini\u021bi<\/span><span class=\"project-feature__link\">Detalii activitate <span aria-hidden=\"true\">\u2192<\/span><\/span><\/a><a class=\"project-feature\" href=\"\/educatie-si-suport\/descopera\/a4-campanie-informare-locala\/\"><h3>Campanie de informare local\u0103<\/h3><p>Educa\u021bie parental\u0103, s\u0103n\u0103tate, siguran\u021b\u0103 online, modele de succes \u0219i activit\u0103\u021bi comune p\u0103rinte-copil.<\/p><span class=\"project-feature__detail\"><strong>50<\/strong> de p\u0103rin\u021bi \u0219i \u00eengrijitori<\/span><span class=\"project-feature__link\">Detalii activitate <span aria-hidden=\"true\">\u2192<\/span><\/span><\/a><a class=\"project-feature\" href=\"\/educatie-si-suport\/descopera\/a5-activitati-culturale-sociale-elevi\/\"><h3>Activit\u0103\u021bi culturale \u0219i sociale cu elevii<\/h3><p>Ateliere creative, sport, dans, ecologie \u0219i o tab\u0103r\u0103 educa\u021bional\u0103 care \u00eencurajeaz\u0103 participarea \u0219i apartenen\u021ba.<\/p><span class=\"project-feature__detail\"><strong>14<\/strong> luni de activit\u0103\u021bi<\/span><span class=\"project-feature__link\">Detalii activitate <span aria-hidden=\"true\">\u2192<\/span><\/span><\/a><a class=\"project-feature\" href=\"\/educatie-si-suport\/descopera\/a6-mentorat-elevi\/\"><h3>Mentorat pentru elevi<\/h3><p>10 elevi mai mari sunt preg\u0103ti\u021bi s\u0103 ghideze 40 de colegi \u00een dezvoltarea \u00eencrederii, obiectivelor \u0219i motiva\u021biei.<\/p><span class=\"project-feature__detail\"><strong>10<\/strong> elevi mentori pentru 40 de colegi<\/span><span class=\"project-feature__link\">Detalii activitate <span aria-hidden=\"true\">\u2192<\/span><\/span><\/a><a class=\"project-feature\" href=\"\/educatie-si-suport\/descopera\/a7-mentorat-cadre-didactice\/\"><h3>Mentorat pentru cadre didactice<\/h3><p>20 de profesori primesc sprijin pentru practici incluzive \u0219i o colaborare mai bun\u0103 cu elevii \u0219i familiile rome.<\/p><span class=\"project-feature__detail\"><strong>20<\/strong> de cadre didactice<\/span><span class=\"project-feature__link\">Detalii activitate <span aria-hidden=\"true\">\u2192<\/span><\/span><\/a><\/div><\/span>\n<\/div>\n<\/section>\n\n\n\n<section class=\"impact alignfull alignfull\" aria-labelledby=\"impact-title\">\n<div class=\"impact__inner container\">\n<header class=\"impact__header\">\n<div>\n<p class=\"overline\">Impact urm\u0103rit<\/p>\n\n\n\n<h2 class=\"section-title\" id=\"impact-title\">Rezultate m\u0103surabile pentru elevi, familii \u0219i \u0219coli<\/h2>\n<\/div>\n\n\n\n<div class=\"impact__summary\">\n<p>Proiectul \u201eEduca\u021bie \u0219i Suport pentru Viitor \u2013 Remediere, Consiliere \u0219i Mentorat\u201d urm\u0103re\u0219te participarea constant\u0103 la educa\u021bie \u0219i reducerea riscului de abandon \u0219colar \u00een comunit\u0103\u021bile M\u0103cin \u0219i \u00censur\u0103\u021bei.<\/p>\n\n\n\n<ul class=\"impact__meta\" aria-label=\"Date esen\u021biale despre proiect\">\n<li>cod 342761<\/li>\n\n\n\n<li>1 aprilie 2026 \u2013 30 septembrie 2027<\/li>\n\n\n\n<li>Programul Educa\u021bie \u0219i Ocupare 2021\u20132027<\/li>\n<\/ul>\n<\/div>\n<\/header>\n\n\n\n<div class=\"impact__proof\">\n<article class=\"impact-primary\">\n<span class=\"impact-primary__eyebrow\">Rezultatul principal<\/span>\n\n\n\n<div class=\"impact-primary__value\">\n<strong>153<\/strong>\n\n\n\n<span>de elevi<\/span>\n<\/div>\n\n\n\n<p>Ne propunem ca cel pu\u021bin 75% din grupul sprijinit s\u0103 promoveze anul \u0219colar.<\/p>\n\n\n\n<a href=\"\/educatie-si-suport\/despre-proiect\/#rezultate\">\n<span>Vezi obiectivele proiectului<\/span>\n\n\n\n<span aria-hidden=\"true\">\u2192<\/span>\n<\/a>\n<\/article>\n\n\n\n<div class=\"stats\" aria-label=\"Indicatorii proiectului\">\n<div class=\"stat\">\n<span class=\"stat__number\">204<\/span>\n\n\n\n<span class=\"stat__label\">elevi romi sprijini\u021bi direct<\/span>\n<\/div>\n\n\n\n<div class=\"stat\">\n<span class=\"stat__number\">50<\/span>\n\n\n\n<span class=\"stat__label\">de p\u0103rin\u021bi \u0219i \u00eengrijitori informa\u021bi<\/span>\n<\/div>\n\n\n\n<div class=\"stat\">\n<span class=\"stat__number\">20<\/span>\n\n\n\n<span class=\"stat__label\">de cadre didactice sprijinite<\/span>\n<\/div>\n\n\n\n<div class=\"stat\">\n<span class=\"stat__number\">40<\/span>\n\n\n\n<span class=\"stat__label\">de elevi care beneficiaz\u0103 de mentorat<\/span>\n<\/div>\n<\/div>\n<\/div>\n<\/div>\n<\/section>\n\n\n\n<section class=\"news-preview alignfull alignfull\" aria-labelledby=\"news-title\">\n<div class=\"news-preview__inner container\">\n<div class=\"news-preview__intro\">\n<p class=\"overline\">Nout\u0103\u021bi<\/p>\n\n\n\n<h2 class=\"section-title\" id=\"news-title\">Urm\u0103re\u0219te impactul \u0219i pove\u0219tile din proiect<\/h2>\n\n\n\n<a class=\"button button--secondary\" href=\"\/educatie-si-suport\/noutati\/\">Vezi toate nout\u0103\u021bile<\/a>\n<\/div>\n\n\n\n<span><div class=\"news-grid\"><article class=\"news-card\"><img decoding=\"async\" class=\"news-card__image\" src=\"https:\/\/www.agentiaimpreuna.ro\/educatie-si-suport\/wp-content\/uploads\/2026\/08\/5e7e829f-b54f-4e0a-a41d-0084fec6d549-1024x768.jpg\" width=\"800\" height=\"600\" loading=\"lazy\" alt=\"\"><div class=\"news-card__content\"><time class=\"news-card__date\" datetime=\"2026-08-07\">7 august 2026<\/time><h3 class=\"news-card__title\"><a href=\"\/educatie-si-suport\/noutati\/activitati-noi-la-scoala-gheorghe-banea-macin-tulcea\/\">Activit\u0103\u021bi noi la \u0218coala \u201eGheorghe Banea\u201d &#8211; M\u0103cin, Tulcea<\/a><\/h3><p class=\"news-card__excerpt\">S\u0103pt\u0103m\u00e2na trecut\u0103, elevii \u0218colii \u201eGheorghe Manea\u201d din M\u0103cin au participat la o serie de activit\u0103\u021bi interactive dedicate orient\u0103rii \u00een carier\u0103. Ei au descoperit lucruri noi, care le vor influen\u021ba pozitiv alegerile profesionale pe viitor. \u00cen cadrul atelierelor au avut ocazia de a \u00een\u021belege mai bine activitatea zilnic\u0103 din diverse profesii, precum cea de frizer, zidar [&hellip;]<\/p><a class=\"news-card__link\" href=\"\/educatie-si-suport\/noutati\/activitati-noi-la-scoala-gheorghe-banea-macin-tulcea\/\">Cite\u0219te mai mult<\/a><\/div><\/article><article class=\"news-card\"><img decoding=\"async\" class=\"news-card__image\" src=\"https:\/\/www.agentiaimpreuna.ro\/educatie-si-suport\/wp-content\/uploads\/2026\/07\/34444719-32df-46de-a729-b7fe8403c4ce-1024x768.jpg\" width=\"800\" height=\"600\" loading=\"lazy\" alt=\"\"><div class=\"news-card__content\"><time class=\"news-card__date\" datetime=\"2026-07-30\">30 iulie 2026<\/time><h3 class=\"news-card__title\"><a href=\"\/educatie-si-suport\/noutati\/ateliere-de-dezvoltare-comunitara-desfasurate-in-macin\/\">Ateliere de dezvoltare comunitar\u0103, desf\u0103\u0219urate \u00een M\u0103cin<\/a><\/h3><p class=\"news-card__excerpt\">\u00cen ultima perioad\u0103, \u00een localitatea M\u0103cin, \u00een cadrul \u0218colii \u201eGheorghe Banea\u201d, s-au desf\u0103\u0219urat o serie de ateliere adresate copiilor din comunitate. Activit\u0103\u021bile au avut ca scop stimularea creativit\u0103\u021bii, dezvoltarea de noi competen\u021be \u0219i \u00eencurajarea implic\u0103rii active \u00een via\u021ba comunit\u0103\u021bii locale, dar \u0219i instruirea eleviilor \u00een domeniul tehnologiei. Participan\u021bii au avut ocazia s\u0103 ia parte la [&hellip;]<\/p><a class=\"news-card__link\" href=\"\/educatie-si-suport\/noutati\/ateliere-de-dezvoltare-comunitara-desfasurate-in-macin\/\">Cite\u0219te mai mult<\/a><\/div><\/article><article class=\"news-card\"><img decoding=\"async\" class=\"news-card__image\" src=\"https:\/\/www.agentiaimpreuna.ro\/educatie-si-suport\/wp-content\/uploads\/2026\/07\/c789d818-807c-48b0-b7d8-3eeb79ef6a5e-1024x768.jpg\" width=\"800\" height=\"600\" loading=\"lazy\" alt=\"\"><div class=\"news-card__content\"><time class=\"news-card__date\" datetime=\"2026-07-29\">29 iulie 2026<\/time><h3 class=\"news-card__title\"><a href=\"\/educatie-si-suport\/noutati\/o-saptamana-plina-de-energie-si-inspiratie-la-liceul-tehnologic-nicolae-titulescu-din-insuratei\/\">O s\u0103pt\u0103m\u00e2n\u0103 plin\u0103 de energie \u0219i inspira\u021bie la Liceul Tehnologic \u201eNicolae Titulescu\u201d din \u00censur\u0103\u021bei<\/a><\/h3><p class=\"news-card__excerpt\">\u00cen cadrul proiectului nostru, s\u0103pt\u0103m\u00e2na trecut\u0103 a adus o serie de activit\u0103\u021bi diverse la Liceul Tehnologic \u201eNicolae Titulescu\u201d din \u00censur\u0103\u021bei, reunind elevi \u0219i cadre didactice \u00eentr-un program dedicat dezvolt\u0103rii de competen\u021be practice, spiritului de echip\u0103 \u0219i responsabilit\u0103\u021bii fa\u021b\u0103 de comunitate \u0219i mediul \u00eenconjur\u0103tor. Tehnologie \u0219i viitor: activit\u0103\u021bi IT Elevii au participat la ateliere dedicate tehnologiei [&hellip;]<\/p><a class=\"news-card__link\" href=\"\/educatie-si-suport\/noutati\/o-saptamana-plina-de-energie-si-inspiratie-la-liceul-tehnologic-nicolae-titulescu-din-insuratei\/\">Cite\u0219te mai mult<\/a><\/div><\/article><\/div><\/span>\n<\/div>\n<\/section>\n<\/div>\n\n\n\n<div class=\"funding-strip alignfull alignfull\" aria-label=\"Institu\u021bii finan\u021batoare\">\n<div class=\"funding-strip__inner container\">\n<div class=\"funding-strip__item\">\n<svg viewBox=\"0 0 81 54\" width=\"72\" height=\"48\" role=\"img\" aria-label=\"Steagul Uniunii Europene\" class=\"funding-strip__flag gsbp-3a7045f\">\n        <rect width=\"81\" height=\"54\" fill=\"#003399\"><\/rect>\n        <g fill=\"#FFCC00\">\n          <polygon points=\"0,-3 0.674,-0.927 2.853,-0.927 1.09,0.354 1.763,2.427 0,1.146 -1.763,2.427 -1.09,0.354 -2.853,-0.927 -0.674,-0.927\" transform=\"translate(40.5 9)\"><\/polygon>\n          <polygon points=\"0,-3 0.674,-0.927 2.853,-0.927 1.09,0.354 1.763,2.427 0,1.146 -1.763,2.427 -1.09,0.354 -2.853,-0.927 -0.674,-0.927\" transform=\"translate(49.5 11.412)\"><\/polygon>\n          <polygon points=\"0,-3 0.674,-0.927 2.853,-0.927 1.09,0.354 1.763,2.427 0,1.146 -1.763,2.427 -1.09,0.354 -2.853,-0.927 -0.674,-0.927\" transform=\"translate(56.088 18)\"><\/polygon>\n          <polygon points=\"0,-3 0.674,-0.927 2.853,-0.927 1.09,0.354 1.763,2.427 0,1.146 -1.763,2.427 -1.09,0.354 -2.853,-0.927 -0.674,-0.927\" transform=\"translate(58.5 27)\"><\/polygon>\n          <polygon points=\"0,-3 0.674,-0.927 2.853,-0.927 1.09,0.354 1.763,2.427 0,1.146 -1.763,2.427 -1.09,0.354 -2.853,-0.927 -0.674,-0.927\" transform=\"translate(56.088 36)\"><\/polygon>\n          <polygon points=\"0,-3 0.674,-0.927 2.853,-0.927 1.09,0.354 1.763,2.427 0,1.146 -1.763,2.427 -1.09,0.354 -2.853,-0.927 -0.674,-0.927\" transform=\"translate(49.5 42.588)\"><\/polygon>\n          <polygon points=\"0,-3 0.674,-0.927 2.853,-0.927 1.09,0.354 1.763,2.427 0,1.146 -1.763,2.427 -1.09,0.354 -2.853,-0.927 -0.674,-0.927\" transform=\"translate(40.5 45)\"><\/polygon>\n          <polygon points=\"0,-3 0.674,-0.927 2.853,-0.927 1.09,0.354 1.763,2.427 0,1.146 -1.763,2.427 -1.09,0.354 -2.853,-0.927 -0.674,-0.927\" transform=\"translate(31.5 42.588)\"><\/polygon>\n          <polygon points=\"0,-3 0.674,-0.927 2.853,-0.927 1.09,0.354 1.763,2.427 0,1.146 -1.763,2.427 -1.09,0.354 -2.853,-0.927 -0.674,-0.927\" transform=\"translate(24.912 36)\"><\/polygon>\n          <polygon points=\"0,-3 0.674,-0.927 2.853,-0.927 1.09,0.354 1.763,2.427 0,1.146 -1.763,2.427 -1.09,0.354 -2.853,-0.927 -0.674,-0.927\" transform=\"translate(22.5 27)\"><\/polygon>\n          <polygon points=\"0,-3 0.674,-0.927 2.853,-0.927 1.09,0.354 1.763,2.427 0,1.146 -1.763,2.427 -1.09,0.354 -2.853,-0.927 -0.674,-0.927\" transform=\"translate(24.912 18)\"><\/polygon>\n          <polygon points=\"0,-3 0.674,-0.927 2.853,-0.927 1.09,0.354 1.763,2.427 0,1.146 -1.763,2.427 -1.09,0.354 -2.853,-0.927 -0.674,-0.927\" transform=\"translate(31.5 11.412)\"><\/polygon>\n        <\/g>\n      <\/svg>\n\n\n\n<span>Cofinan\u021bat de Uniunea European\u0103<\/span>\n<\/div>\n\n\n\n<div class=\"funding-strip__item\">\n<img decoding=\"async\" src=\"\/educatie-si-suport\/wp-content\/themes\/agentia-impreuna-child\/assets\/images\/funding\/ministerul-investitiilor-si-proiectelor-europene.png\" alt=\"Guvernul Rom\u00e2niei \u2014 Ministerul Investi\u021biilor \u0219i Proiectelor Europene\" width=\"737\" height=\"107\" loading=\"lazy\"\/>\n<\/div>\n\n\n\n<div class=\"funding-strip__item funding-strip__item--text\">Programul Educa\u021bie \u0219i Ocupare 2021\u20132027<\/div>\n<\/div>\n<\/div>\n\n\n\n<footer class=\"site-footer alignfull alignfull\">\n<img decoding=\"async\" class=\"footer-line-art\" src=\"\/educatie-si-suport\/wp-content\/themes\/agentia-impreuna-child\/assets\/homepage\/img\/footer-line.png\" width=\"2172\" height=\"724\" loading=\"lazy\" aria-hidden=\"true\"\/>\n\n\n\n<div class=\"site-footer__inner container\">\n<div class=\"site-footer__grid\">\n<div class=\"site-footer__brand\">\n<img decoding=\"async\" src=\"\/educatie-si-suport\/wp-content\/themes\/agentia-impreuna-child\/assets\/images\/agentia-impreuna-logo-white.png\" alt=\"Funda\u021bia Agen\u021bia \u00cempreun\u0103\" width=\"145\" height=\"171\" loading=\"lazy\"\/>\n\n\n\n<p>Funda\u021bia Agen\u021bia de Dezvoltare Comunitar\u0103 \u201e\u00cempreun\u0103\u201d \u2014 pentru comunit\u0103\u021bi mai puternice.<\/p>\n\n\n\n<div class=\"site-footer__contact\">\n<a href=\"tel:0212100539\">\n<svg viewBox=\"0 0 24 24\" aria-hidden=\"true\"><path d=\"M22 16.92v3a2 2 0 0 1-2.18 2 19.79 19.79 0 0 1-8.63-3.07 19.5 19.5 0 0 1-6-6A19.79 19.79 0 0 1 2.12 4.18 2 2 0 0 1 4.11 2h3a2 2 0 0 1 2 1.72c.13.96.36 1.9.69 2.8a2 2 0 0 1-.45 2.11L8.09 9.91a16 16 0 0 0 6 6l1.27-1.27a2 2 0 0 1 2.11-.45c.91.33 1.85.56 2.81.69A2 2 0 0 1 22 16.92Z\"><\/path><\/svg>\n\n\n\n<span>021 210 05 39<\/span>\n<\/a>\n\n\n\n<a href=\"mailto:office@agentiaimpreuna.ro\">\n<svg viewBox=\"0 0 24 24\" aria-hidden=\"true\"><rect x=\"3\" y=\"5\" width=\"18\" height=\"14\" rx=\"2\"><\/rect><path d=\"m3 7 9 6 9-6\"><\/path><\/svg>\n\n\n\n<span>office@agentiaimpreuna.ro<\/span>\n<\/a>\n<\/div>\n\n\n\n<div class=\"social-links\" aria-label=\"Urm\u0103re\u0219te-ne\">\n<a class=\"social-link\" href=\"https:\/\/www.facebook.com\/AgentiaImpreuna\/\" target=\"_blank\" rel=\"noopener\" aria-label=\"Facebook\">\n<svg viewBox=\"0 0 24 24\" aria-hidden=\"true\"><path fill=\"currentColor\" d=\"M14.1 8.5H16V5.3c-.9-.1-1.8-.2-2.7-.2-2.7 0-4.5 1.7-4.5 4.7v2.7h-3v3.6h3V24h3.7v-7.9h3l.5-3.6h-3.5V10c0-1 .3-1.5 1.6-1.5Z\"><\/path><\/svg>\n<\/a>\n\n\n\n<a class=\"social-link\" href=\"https:\/\/www.instagram.com\/agentiaimpreuna\/\" target=\"_blank\" rel=\"noopener\" aria-label=\"Instagram\">\n<svg viewBox=\"0 0 24 24\" aria-hidden=\"true\"><rect x=\"3\" y=\"3\" width=\"18\" height=\"18\" rx=\"5\"><\/rect><circle cx=\"12\" cy=\"12\" r=\"4\"><\/circle><path d=\"M17.5 6.5h.01\"><\/path><\/svg>\n<\/a>\n<\/div>\n<\/div>\n\n\n\n<nav class=\"site-footer__column\" aria-label=\"Proiect\">\n<h2 class=\"footer-heading\">Proiect<\/h2>\n\n\n\n<ul class=\"footer-list\">\n<li>\n<a href=\"\/educatie-si-suport\/despre-proiect\/\">Despre proiect<\/a>\n<\/li>\n\n\n\n<li>\n<a href=\"\/educatie-si-suport\/despre-proiect\/#obiective\">Obiective<\/a>\n<\/li>\n\n\n\n<li>\n<a href=\"\/educatie-si-suport\/descopera\/\">Descoper\u0103 activit\u0103\u021bile<\/a>\n<\/li>\n<\/ul>\n<\/nav>\n\n\n\n<nav class=\"site-footer__column\" aria-label=\"Activit\u0103\u021bi\">\n<h2 class=\"footer-heading\">Activit\u0103\u021bi<\/h2>\n\n\n\n<ul class=\"footer-list\"><li><a href=\"\/educatie-si-suport\/descopera\/a3-programe-sprijin-individualizat-elevi\/\">Sprijin individualizat<\/a><\/li><li><a href=\"\/educatie-si-suport\/descopera\/a4-campanie-informare-locala\/\">Campanie local\u0103<\/a><\/li><li><a href=\"\/educatie-si-suport\/descopera\/a5-activitati-culturale-sociale-elevi\/\">Activit\u0103\u021bi culturale \u0219i sociale<\/a><\/li><li><a href=\"\/educatie-si-suport\/descopera\/a6-mentorat-elevi\/\">Mentorat pentru elevi<\/a><\/li><li><a href=\"\/educatie-si-suport\/descopera\/a7-mentorat-cadre-didactice\/\">Mentorat pentru cadre didactice<\/a><\/li><\/ul>\n<\/nav>\n\n\n\n<nav class=\"site-footer__column\" aria-label=\"Informa\u021bii utile\">\n<h2 class=\"footer-heading\">Informa\u021bii utile<\/h2>\n\n\n\n<ul class=\"footer-list\">\n<li>\n<a href=\"\/educatie-si-suport\/noutati\/\">Nout\u0103\u021bi<\/a>\n<\/li>\n\n\n\n<li>\n<a href=\"\/educatie-si-suport\/contact\/\">Contact<\/a>\n<\/li>\n<\/ul>\n<\/nav>\n\n\n\n<nav class=\"site-footer__column\" aria-label=\"Legal\">\n<h2 class=\"footer-heading\">Legal<\/h2>\n\n\n\n<ul class=\"footer-list\">\n<li>\n<a href=\"https:\/\/www.agentiaimpreuna.ro\/politici-de-confidentialitate\/\">Politica de confiden\u021bialitate<\/a>\n<\/li>\n\n\n\n<li>\n<a href=\"https:\/\/www.agentiaimpreuna.ro\/termeni-si-conditii\/\">Termeni \u0219i condi\u021bii<\/a>\n<\/li>\n\n\n\n<li>\n<a href=\"\/educatie-si-suport\/politica-de-cookie-uri\/\">Politica de cookie-uri<\/a>\n<\/li>\n\n\n\n<li>\n<button class=\"cmplz-manage-consent\" type=\"button\">Set\u0103ri cookie-uri<\/button>\n<\/li>\n<\/ul>\n<\/nav>\n<\/div>\n\n\n\n<div class=\"site-footer__bottom\">\n<div class=\"site-footer__project\">\n<img decoding=\"async\" src=\"\/educatie-si-suport\/wp-content\/themes\/agentia-impreuna-child\/assets\/images\/project-logo\/logo-orizontal-alb.png\" alt=\"Educa\u021bie \u0219i Suport pentru Viitor\" width=\"1883\" height=\"355\" loading=\"lazy\"\/>\n\n\n\n<p>\u00a9 2026 Funda\u021bia Agen\u021bia de Dezvoltare Comunitar\u0103 \u201e\u00cempreun\u0103\u201d.<\/p>\n<\/div>\n\n\n\n<div class=\"site-footer__funding-wrap\">\n<div class=\"site-footer__funding\">\n<svg viewBox=\"0 0 81 54\" width=\"54\" height=\"36\" role=\"img\" aria-label=\"Steagul Uniunii Europene\" class=\"eu-emblem gsbp-0ba09a6\">\n            <rect width=\"81\" height=\"54\" fill=\"#003399\"><\/rect>\n            <g fill=\"#FFCC00\">\n              <polygon points=\"0,-3 0.674,-0.927 2.853,-0.927 1.09,0.354 1.763,2.427 0,1.146 -1.763,2.427 -1.09,0.354 -2.853,-0.927 -0.674,-0.927\" transform=\"translate(40.5 9)\"><\/polygon>\n              <polygon points=\"0,-3 0.674,-0.927 2.853,-0.927 1.09,0.354 1.763,2.427 0,1.146 -1.763,2.427 -1.09,0.354 -2.853,-0.927 -0.674,-0.927\" transform=\"translate(49.5 11.412)\"><\/polygon>\n              <polygon points=\"0,-3 0.674,-0.927 2.853,-0.927 1.09,0.354 1.763,2.427 0,1.146 -1.763,2.427 -1.09,0.354 -2.853,-0.927 -0.674,-0.927\" transform=\"translate(56.088 18)\"><\/polygon>\n              <polygon points=\"0,-3 0.674,-0.927 2.853,-0.927 1.09,0.354 1.763,2.427 0,1.146 -1.763,2.427 -1.09,0.354 -2.853,-0.927 -0.674,-0.927\" transform=\"translate(58.5 27)\"><\/polygon>\n              <polygon points=\"0,-3 0.674,-0.927 2.853,-0.927 1.09,0.354 1.763,2.427 0,1.146 -1.763,2.427 -1.09,0.354 -2.853,-0.927 -0.674,-0.927\" transform=\"translate(56.088 36)\"><\/polygon>\n              <polygon points=\"0,-3 0.674,-0.927 2.853,-0.927 1.09,0.354 1.763,2.427 0,1.146 -1.763,2.427 -1.09,0.354 -2.853,-0.927 -0.674,-0.927\" transform=\"translate(49.5 42.588)\"><\/polygon>\n              <polygon points=\"0,-3 0.674,-0.927 2.853,-0.927 1.09,0.354 1.763,2.427 0,1.146 -1.763,2.427 -1.09,0.354 -2.853,-0.927 -0.674,-0.927\" transform=\"translate(40.5 45)\"><\/polygon>\n              <polygon points=\"0,-3 0.674,-0.927 2.853,-0.927 1.09,0.354 1.763,2.427 0,1.146 -1.763,2.427 -1.09,0.354 -2.853,-0.927 -0.674,-0.927\" transform=\"translate(31.5 42.588)\"><\/polygon>\n              <polygon points=\"0,-3 0.674,-0.927 2.853,-0.927 1.09,0.354 1.763,2.427 0,1.146 -1.763,2.427 -1.09,0.354 -2.853,-0.927 -0.674,-0.927\" transform=\"translate(24.912 36)\"><\/polygon>\n              <polygon points=\"0,-3 0.674,-0.927 2.853,-0.927 1.09,0.354 1.763,2.427 0,1.146 -1.763,2.427 -1.09,0.354 -2.853,-0.927 -0.674,-0.927\" transform=\"translate(22.5 27)\"><\/polygon>\n              <polygon points=\"0,-3 0.674,-0.927 2.853,-0.927 1.09,0.354 1.763,2.427 0,1.146 -1.763,2.427 -1.09,0.354 -2.853,-0.927 -0.674,-0.927\" transform=\"translate(24.912 18)\"><\/polygon>\n              <polygon points=\"0,-3 0.674,-0.927 2.853,-0.927 1.09,0.354 1.763,2.427 0,1.146 -1.763,2.427 -1.09,0.354 -2.853,-0.927 -0.674,-0.927\" transform=\"translate(31.5 11.412)\"><\/polygon>\n            <\/g>\n          <\/svg>\n\n\n\n<p>\n<strong>Cofinan\u021bat de Uniunea European\u0103.<\/strong>\n\n\n\n<span>Proiect cofinan\u021bat din Fondul Social European prin Programul Educa\u021bie \u0219i Ocupare 2021\u20132027, cu sprijinul Ministerului Investi\u021biilor \u0219i Proiectelor Europene.<\/span>\n<\/p>\n<\/div>\n\n\n\n<p class=\"site-footer__disclaimer\">Con\u021binutul acestui material nu reprezint\u0103 \u00een mod obligatoriu pozi\u021bia oficial\u0103 a Uniunii Europene sau a Guvernului Rom\u00e2niei.<\/p>\n<\/div>\n<\/div>\n<\/div>\n<\/footer>\n<\/div>\n","protected":false},"excerpt":{"rendered":"","protected":false},"author":0,"featured_media":0,"parent":0,"menu_order":0,"comment_status":"closed","ping_status":"closed","template":"","meta":{"_gspb_post_css":".gsbp-7770f2a,.gsbp-926b5f0{width:24px;height:24px}.gsbp-3a7045f{width:72px;height:48px}.gsbp-0ba09a6{width:54px;height:36px}","_aies_activity_nav_label":"","_aies_activity_summary":"","_aies_activity_stat_value":"","_aies_activity_stat_label":"","footnotes":""},"class_list":["post-5","page","type-page","status-publish","hentry"],"_links":{"self":[{"href":"https:\/\/www.agentiaimpreuna.ro\/educatie-si-suport\/wp-json\/wp\/v2\/pages\/5","targetHints":{"allow":["GET"]}}],"collection":[{"href":"https:\/\/www.agentiaimpreuna.ro\/educatie-si-suport\/wp-json\/wp\/v2\/pages"}],"about":[{"href":"https:\/\/www.agentiaimpreuna.ro\/educatie-si-suport\/wp-json\/wp\/v2\/types\/page"}],"replies":[{"embeddable":true,"href":"https:\/\/www.agentiaimpreuna.ro\/educatie-si-suport\/wp-json\/wp\/v2\/comments?post=5"}],"version-history":[{"count":12,"href":"https:\/\/www.agentiaimpreuna.ro\/educatie-si-suport\/wp-json\/wp\/v2\/pages\/5\/revisions"}],"predecessor-version":[{"id":173,"href":"https:\/\/www.agentiaimpreuna.ro\/educatie-si-suport\/wp-json\/wp\/v2\/pages\/5\/revisions\/173"}],"wp:attachment":[{"href":"https:\/\/www.agentiaimpreuna.ro\/educatie-si-suport\/wp-json\/wp\/v2\/media?parent=5"}],"curies":[{"name":"wp","href":"https:\/\/api.w.org\/{rel}","templated":true}]}}