{"id":9,"date":"2020-08-14T14:29:45","date_gmt":"2020-08-14T14:29:45","guid":{"rendered":"https:\/\/demo.creativethemes.com\/blocksy\/business\/?page_id=9"},"modified":"2021-09-15T15:31:59","modified_gmt":"2021-09-15T15:31:59","slug":"acasa","status":"publish","type":"page","link":"https:\/\/www.agentiaimpreuna.ro\/capacitarea-romilor\/","title":{"rendered":"Acas\u0103"},"content":{"rendered":"\n<div class=\"wp-block-qubely-row alignfull qubely-section qubely-block-3ca823\"><div class=\"qubely-row-overlay\"><\/div><div class=\"qubely-container\"><div class=\"qubely-row \">\n<div class=\"wp-block-qubely-column qubely-column qubely-column-front qubely-block-2fe216\"><div class=\"qubely-column-inner\">\n<figure class=\"wp-block-image size-large is-resized\"><img loading=\"lazy\" decoding=\"async\" src=\"https:\/\/www.agentiaimpreuna.ro\/capacitarea-romilor\/wp-content\/uploads\/2021\/09\/Active-citizens-fund-white-1024x359.png\" alt=\"Active Citizens Fund White\" class=\"wp-image-692\" width=\"260\" height=\"91\"\/><\/figure>\n\n\n\n<div class=\"wp-block-qubely-heading qubely-block-99449a\" id=\"2-we%E2%80%99re-creative-themes-a-modern-digital-agency-based-in-moldova\"><div class=\"qubely-block-heading  \"><div class=\"qubely-heading-container\"><h2 class=\"qubely-heading-selector\">Capacitarea \u0219i Abilitarea Romilor prin Lobby \u0219i Ac\u021biune<\/h2><\/div><\/div><\/div>\n\n\n\n<div class=\"wp-block-qubely-buttongroup qubely-block-ea0892\"><div class=\"qubely-block-button-group \">\n<div class=\"wp-block-qubely-button qubely-block-cd860a qubely-group-button\"><div class=\"qubely-block-btn-wrapper \"><div class=\"qubely-block-btn\"><a class=\"qubely-block-btn-anchor is-large\" href=\"https:\/\/www.agentiaimpreuna.ro\/capacitarea-romilor\/prezentare-proiect\/\">\u00a0Prezentare Proiect\u00a0<\/a><\/div><\/div><\/div>\n<\/div><\/div>\n<\/div><\/div>\n\n\n\n<div class=\"wp-block-qubely-column qubely-column qubely-column-front qubely-block-6b6104\"><div class=\"qubely-column-inner\"><\/div><\/div>\n<\/div><\/div><\/div>\n\n\n\n<div class=\"wp-block-qubely-row qubely-section qubely-block-822470\"><div class=\"qubely-row-overlay\"><\/div><div class=\"qubely-container\"><div class=\"qubely-row \">\n<div class=\"wp-block-qubely-column qubely-column qubely-column-front qubely-block-2da595\"><div class=\"qubely-column-inner\">\n<div style=\"height:70px\" aria-hidden=\"true\" class=\"wp-block-spacer\"><\/div>\n\n\n\n<div class=\"wp-block-ugb-container ugb-container ugb-c0580d5 ugb-container--v2 ugb-container--design-basic ugb-main-block\"><style>.ugb-c0580d5-wrapper.ugb-container__wrapper{border-radius:5px !important}@media screen and (min-width:768px){.ugb-c0580d5.ugb-container{margin-top:-120px !important}}<\/style><div class=\"ugb-inner-block\"><div class=\"ugb-block-content\"><div class=\"ugb-container__wrapper ugb-c0580d5-wrapper ugb--shadow-6\"><div class=\"ugb-container__side\"><div class=\"ugb-container__content-wrapper ugb-c0580d5-content-wrapper\">\n<div class=\"wp-block-ugb-columns ugb-columns ugb-f65a8df ugb-columns--design-plain ugb-columns--columns-2 ugb-main-block\"><style>.ugb-f65a8df > .ugb-inner-block > .ugb-block-content > .ugb-columns__item{grid-template-columns:0.50fr 1.50fr !important}.ugb-f65a8df .ugb-inner-block{text-align:center}<\/style><div class=\"ugb-inner-block\"><div class=\"ugb-block-content\"><div class=\"ugb-columns__item ugb-f65a8df-content-wrapper\">\n<div class=\"wp-block-ugb-column ugb-column ugb-9c9ae42 ugb-column--design-plain ugb-main-block\"><div class=\"ugb-inner-block\"><div class=\"ugb-block-content\"><div class=\"ugb-column__item ugb-9c9ae42-column-wrapper\"><div class=\"ugb-column__content-wrapper\">\n<figure class=\"wp-block-image size-large\"><img decoding=\"async\" src=\"https:\/\/www.agentiaimpreuna.ro\/putem-mai-mult\/wp-content\/uploads\/2021\/07\/logo-normal.png\" alt=\"\" class=\"wp-image-922\"\/><\/figure>\n<\/div><\/div><\/div><\/div><\/div>\n\n\n\n<div class=\"wp-block-ugb-column ugb-column ugb-15c8dd7 ugb-column--design-plain ugb-main-block\"><style>.ugb-15c8dd7-column-wrapper .ugb-column__content-wrapper{width:100% !important}@media screen and (min-width:768px){.ugb-15c8dd7.ugb-column{margin-bottom:0px !important}}.ugb-15c8dd7 > .ugb-inner-block > .ugb-block-content > *{justify-content:center !important}<\/style><div class=\"ugb-inner-block\"><div class=\"ugb-block-content\"><div class=\"ugb-column__item ugb-15c8dd7-column-wrapper\"><div class=\"ugb-column__content-wrapper\">\n<div class=\"wp-block-ugb-heading ugb-heading ugb-741e807 ugb-main-block\"><style>.ugb-741e807 .ugb-heading__title{text-align:left}.ugb-741e807 .ugb-inner-block{text-align:left}<\/style><div class=\"ugb-inner-block\"><div class=\"ugb-block-content\"><h4 class=\"ugb-heading__title\"> Proiect derulat de Funda\u021bia Agen\u021bia de Dezvoltare Comunitar\u0103 \u201e\u00cempreun\u0103\u201d<\/h4><p class=\"ugb-heading__subtitle\">Proiectul este derulat de Funda\u021bia Agen\u021bia de Dezvoltare Comuunitar\u0103 \u201e\u00cempreun\u0103\u201d \u00een parteneriat cu Centrul Romilor pentru Politici de Sanatate \u2013 SASTIPEN si Asociatia Centrul pentru Educatie si Drepturile Omului \u2013 ACEDO \u0219i beneficiaz\u0103 de o finan\u021bare \u00een valoare de 223 964 euro, prin programul Active Citizens Fund Romania, finan\u021bat de Islanda, Liechtenstein \u0219i Norvegia prin Granturile SEE 2014-2021. Con\u021binutul acestei pagini nu reprezint\u0103 \u00een mod necesar pozi\u021bia oficiala a Granturilor SEE \u0219i Norvegiene 2014-2021; pentru mai multe informa\u021bii accesa\u021bi <a rel=\"noreferrer noopener\" href=\"http:\/\/www.eeagrants.org\" data-type=\"URL\" data-id=\"www.eeagrants.org\" target=\"_blank\">www.eeagrants.org<\/a>. Informa\u021bii despre Active Citizens Fund Rom\u00e2nia sunt disponibile la <a href=\"http:\/\/www.activecitizensfund.ro\" data-type=\"URL\" data-id=\"www.activecitizensfund.ro\" target=\"_blank\" rel=\"noopener\">www.activecitizensfund.ro<\/a><br><br>#haide #ActiveCitizensFund #Romania #activecitizens #EEANorwayGrants <\/p><\/div><\/div><\/div>\n<\/div><\/div><\/div><\/div><\/div>\n<\/div><\/div><\/div><\/div>\n<\/div><\/div><\/div><\/div><\/div><\/div>\n<\/div><\/div>\n<\/div><\/div><\/div>\n\n\n\n<div class=\"wp-block-qubely-row alignfull qubely-section qubely-block-f8e8e4\"><div class=\"qubely-row-overlay\"><\/div><div class=\"qubely-container\"><div class=\"qubely-row \">\n<div class=\"wp-block-qubely-column qubely-column qubely-column-front qubely-block-b0c383\"><div class=\"qubely-column-inner\">\n<figure class=\"wp-block-image size-large\"><img loading=\"lazy\" decoding=\"async\" width=\"1024\" height=\"683\" src=\"https:\/\/www.agentiaimpreuna.ro\/capacitarea-romilor\/wp-content\/uploads\/2021\/09\/Prezentare-Proiect-1024x683.jpg\" alt=\"Prezentare Proiect\" class=\"wp-image-732\"\/><\/figure>\n<\/div><\/div>\n\n\n\n<div class=\"wp-block-qubely-column qubely-column qubely-column-front qubely-block-c9c5c7\"><div class=\"qubely-column-inner\">\n<div class=\"wp-block-qubely-text qubely-block-9921f4\"><div class=\"qubely-block-text  \"><div class=\"qubely-block-text-title-container  qubely-separator-position-top\"><div class=\"qubely-block-text-title-inner\"><h2 class=\"qubely-block-text-title\">Prezentare Proiect<br><\/h2><\/div><\/div><p>Proiectul Capacitarea \u0219i Abilitarea Romilor prin Lobby \u0219i Ac\u021biune are ca scop cre\u0219terea capacit\u0103rii grupurilor vulnerabile din 12 comunit\u0103\u021bi rurale interetnice din jude\u021bele C\u0103l\u0103ra\u0219i, Br\u0103ila \u0219i Constan\u021ba.<br><br>Principala problem\u0103 adordat\u0103 de Solicitant \u0219i cei doi Partneri este implicarea redus\u0103 a cet\u0103\u021benilor la via\u021ba comunit\u0103\u021bilor din care fac parte \u0219i la luarea deciziilor.<\/p><\/div><\/div>\n\n\n\n<div class=\"wp-block-qubely-button qubely-block-1e046c\"><div class=\"qubely-block-btn-wrapper \"><div class=\"qubely-block-btn\"><a class=\"qubely-block-btn-anchor is-custom\" href=\"https:\/\/www.agentiaimpreuna.ro\/capacitarea-romilor\/prezentare-proiect\/\">Afl\u0103 Mai Multe<\/a><\/div><\/div><\/div>\n<\/div><\/div>\n<\/div><\/div><\/div>\n\n\n\n<div class=\"wp-block-qubely-row alignfull qubely-section qubely-block-312aef\"><div class=\"qubely-row-overlay\"><\/div><div class=\"qubely-container\"><div class=\"qubely-row \">\n<div class=\"wp-block-qubely-column qubely-column qubely-column-front qubely-block-ff498b\"><div class=\"qubely-column-inner\">\n<figure class=\"wp-block-image size-large\"><img loading=\"lazy\" decoding=\"async\" width=\"1024\" height=\"682\" src=\"https:\/\/www.agentiaimpreuna.ro\/capacitarea-romilor\/wp-content\/uploads\/2021\/09\/Prezentare-Parteneri-1024x682.jpg\" alt=\"Prezentare Parteneri\" class=\"wp-image-723\" srcset=\"https:\/\/www.agentiaimpreuna.ro\/capacitarea-romilor\/wp-content\/uploads\/2021\/09\/Prezentare-Parteneri-1024x682.jpg 1024w, https:\/\/www.agentiaimpreuna.ro\/capacitarea-romilor\/wp-content\/uploads\/2021\/09\/Prezentare-Parteneri-300x200.jpg 300w, https:\/\/www.agentiaimpreuna.ro\/capacitarea-romilor\/wp-content\/uploads\/2021\/09\/Prezentare-Parteneri-768x512.jpg 768w, https:\/\/www.agentiaimpreuna.ro\/capacitarea-romilor\/wp-content\/uploads\/2021\/09\/Prezentare-Parteneri.jpg 1280w\" sizes=\"auto, (max-width: 1024px) 100vw, 1024px\" \/><\/figure>\n\n\n\n<p><\/p>\n<\/div><\/div>\n\n\n\n<div class=\"wp-block-qubely-column qubely-column qubely-column-front qubely-block-183bc6\"><div class=\"qubely-column-inner\">\n<p><\/p>\n\n\n\n<div class=\"wp-block-qubely-text qubely-block-4bee37\"><div class=\"qubely-block-text  \"><div class=\"qubely-block-text-title-container  qubely-separator-position-top\"><div class=\"qubely-block-text-title-inner\"><h2 class=\"qubely-block-text-title\">Prezentare Parteneri<br><\/h2><\/div><\/div><p>Proiectul este derulat de Funda\u021bia Agen\u021bia de Dezvoltare Comunitar\u0103 \u00cempreun\u0103 \u00een parteneriat cu Centrul Romilor pentru Politici de S\u0103n\u0103tate \u2013 SASTIPEN \u0219i Asocia\u021bia Centrul pentru Educa\u021bie \u0219i Drepturile Omului \u2013 ACEDO.<\/p><\/div><\/div>\n\n\n\n<div class=\"wp-block-qubely-button qubely-block-9dd844\"><div class=\"qubely-block-btn-wrapper \"><div class=\"qubely-block-btn\"><a class=\"qubely-block-btn-anchor is-custom\" href=\"https:\/\/www.agentiaimpreuna.ro\/capacitarea-romilor\/prezentare-parteneri\/\">Afl\u0103 Mai Multe<\/a><\/div><\/div><\/div>\n\n\n\n<p><\/p>\n<\/div><\/div>\n<\/div><\/div><\/div>\n\n\n\n<div class=\"wp-block-qubely-row alignfull qubely-section qubely-block-0a3682\"><div class=\"qubely-row-overlay\"><\/div><div class=\"qubely-container\"><div class=\"qubely-row \">\n<div class=\"wp-block-qubely-column qubely-column qubely-column-front qubely-block-eb8c58\"><div class=\"qubely-column-inner\">\n<div class=\"wp-block-qubely-heading aligncenter qubely-block-69309f\"><div class=\"qubely-block-heading  \"><div class=\"qubely-heading-container\"><h2 class=\"qubely-heading-selector\">Activit\u0103\u021bi<\/h2><\/div><\/div><\/div>\n\n\n\n<div class=\"wp-block-qubely-row qubely-section qubely-block-cf2d30\"><div class=\"qubely-row-overlay\"><\/div><div class=\"qubely-container-fluid\"><div class=\"qubely-row \">\n<div class=\"wp-block-qubely-column qubely-column qubely-column-front qubely-block-d6083b\"><div class=\"qubely-column-inner\">\n<div class=\"wp-block-qubely-infobox qubely-block-4fa638\"><div class=\"qubely-block-info-box  qubely-info-box-layout-4\"><div class=\"qubely-info-box-body\"><div class=\"qubely-info-box-title-container  qubely-separator-position-top\"><div class=\"qubely-info-box-title-inner\"><h3 class=\"qubely-info-box-title\">Identificarea comunit\u0103\u021bilor<\/h3><\/div><\/div><div class=\"qubely-info-box-content\"><div class=\"qubely-info-box-text\">\u00cen primele 2 luni ale proiectului, au fost selectate cele 12 comunit\u0103\u021bi \u00een care se va desf\u0103\u0219oara procesul de dezvoltare comunitar\u0103&#8230; <a href=\"https:\/\/www.agentiaimpreuna.ro\/capacitarea-romilor\/identificarea-comunitatilor\/\">Afl\u0103 mai multe<\/a>  <\/div><\/div><\/div><\/div><\/div>\n\n\n\n<div class=\"wp-block-qubely-infobox qubely-block-033460\"><div class=\"qubely-block-info-box  qubely-info-box-layout-4\"><div class=\"qubely-info-box-body\"><div class=\"qubely-info-box-title-container  qubely-separator-position-top\"><div class=\"qubely-info-box-title-inner\"><h3 class=\"qubely-info-box-title\">\u00cenfiin\u021barea grupurilor de ini\u021biativ\u0103 local\u0103<\/h3><\/div><\/div><div class=\"qubely-info-box-content\"><div class=\"qubely-info-box-text\">Fiecare din cei 3 parteneri a angajat c\u00e2te un facilitator local responsabil de jude\u021bul aferent: Cal\u0103ra\u0219i, Br\u0103ila \u0219i Constan\u021ba&#8230; <a href=\"https:\/\/www.agentiaimpreuna.ro\/capacitarea-romilor\/infiintarea-grupurilor-de-initiativa-locala\/\">Afl\u0103 mai multe<\/a><\/div><\/div><\/div><\/div><\/div>\n\n\n\n<div class=\"wp-block-qubely-infobox qubely-block-652a15\"><div class=\"qubely-block-info-box  qubely-info-box-layout-4\"><div class=\"qubely-info-box-body\"><div class=\"qubely-info-box-title-container  qubely-separator-position-top\"><div class=\"qubely-info-box-title-inner\"><h3 class=\"qubely-info-box-title\">Activit\u0103\u021bi de formare membri GIL \u0219i al\u021bi membri din comunitate<\/h3><\/div><\/div><div class=\"qubely-info-box-content\"><div class=\"qubely-info-box-text\">6 cursuri de fomare se vor organiza pentru membri GIL \u0219i alte persoane din comunitate, cel pu\u021bin 24 de persoane vor participa la&#8230; <a href=\"https:\/\/www.agentiaimpreuna.ro\/capacitarea-romilor\/activitati-de-formare-membri-gil-si-alti-membri-din-comunitate\/\">Afl\u0103 mai multe<\/a> <\/div><\/div><\/div><\/div><\/div>\n\n\n\n<div class=\"wp-block-qubely-infobox qubely-block-345c5e\"><div class=\"qubely-block-info-box  qubely-info-box-layout-4\"><div class=\"qubely-info-box-body\"><div class=\"qubely-info-box-title-container  qubely-separator-position-top\"><div class=\"qubely-info-box-title-inner\"><h3 class=\"qubely-info-box-title\">Elaborarea planurilor de ac\u021biune local\u0103<\/h3><\/div><\/div><div class=\"qubely-info-box-content\"><div class=\"qubely-info-box-text\">Pentru a putea stabili direc\u021biile viitoare de ac\u021biune ale GIL, se vor identifica nevoile comunit\u0103\u021bii printr-o abordare participativ\u0103&#8230; <a href=\"https:\/\/www.agentiaimpreuna.ro\/capacitarea-romilor\/elaborarea-planurilor-de-actiune-locala\/\">Afl\u0103 mai multe <\/a><\/div><\/div><\/div><\/div><\/div>\n\n\n\n<div class=\"wp-block-qubely-infobox qubely-block-76f6b3\"><div class=\"qubely-block-info-box  qubely-info-box-layout-4\"><div class=\"qubely-info-box-body\"><div class=\"qubely-info-box-title-container  qubely-separator-position-top\"><div class=\"qubely-info-box-title-inner\"><h3 class=\"qubely-info-box-title\">\u00cenfiin\u021barea ONG-uri locale<\/h3><\/div><\/div><div class=\"qubely-info-box-content\"><div class=\"qubely-info-box-text\">Pentru ca grupurile de ini\u021biativ\u0103 local\u0103 s\u0103 devin\u0103 actori de schimbare la nivelul comunit\u0103\u021bilor, proiectul va sprijini formalizarea GIL-urilor&#8230; <a href=\"https:\/\/www.agentiaimpreuna.ro\/capacitarea-romilor\/infiintarea-ong-uri-locale\/\">Afl\u0103 mai multe<\/a>  <\/div><\/div><\/div><\/div><\/div>\n\n\n\n<div class=\"wp-block-qubely-infobox qubely-block-6c2b06\"><div class=\"qubely-block-info-box  qubely-info-box-layout-4\"><div class=\"qubely-info-box-body\"><div class=\"qubely-info-box-title-container  qubely-separator-position-top\"><div class=\"qubely-info-box-title-inner\"><h3 class=\"qubely-info-box-title\">Program de preg\u0103tire complex\u0103 pentru lideri romi<\/h3><\/div><\/div><div class=\"qubely-info-box-content\"><div class=\"qubely-info-box-text\">Prin ini\u021bierea acestui program de preg\u0103tire, se urm\u0103re\u0219te crearea unui grup reprezentativ de exper\u021bi \u0219i lideri romi care s\u0103&#8230; <a href=\"https:\/\/www.agentiaimpreuna.ro\/capacitarea-romilor\/program-de-pregatire-complexa-pentru-lideri-romi\/\">Afl\u0103 mai multe<\/a>  <\/div><\/div><\/div><\/div><\/div>\n<\/div><\/div>\n\n\n\n<div class=\"wp-block-qubely-column qubely-column qubely-column-front qubely-block-9263c0\"><div class=\"qubely-column-inner\">\n<div class=\"wp-block-qubely-infobox qubely-block-121cb0\"><div class=\"qubely-block-info-box  qubely-info-box-layout-4\"><div class=\"qubely-info-box-body\"><div class=\"qubely-info-box-title-container  qubely-separator-position-top\"><div class=\"qubely-info-box-title-inner\"><h3 class=\"qubely-info-box-title\">Activit\u0103\u021bi de mobilizare realizate de cele 12 ONG-uri locale<\/h3><\/div><\/div><div class=\"qubely-info-box-content\"><div class=\"qubely-info-box-text\">Cele 12 ONG-uri vor derula activit\u0103\u021bi de mobilizare a membrilor comunit\u0103\u021bilor interetnice (romi \u0219i rom\u00e2ni)&#8230; <a href=\"https:\/\/www.agentiaimpreuna.ro\/capacitarea-romilor\/activitati-de-mobilizare-realizate-de-cele-12-ong-uri-locale\/\">Afl\u0103 mai multe<\/a>  <\/div><\/div><\/div><\/div><\/div>\n\n\n\n<div class=\"wp-block-qubely-infobox qubely-block-292ad9\"><div class=\"qubely-block-info-box  qubely-info-box-layout-4\"><div class=\"qubely-info-box-body\"><div class=\"qubely-info-box-title-container  qubely-separator-position-top\"><div class=\"qubely-info-box-title-inner\"><h3 class=\"qubely-info-box-title\">Activit\u0103\u021bi de formare a cadrelor didactice \u00een istoria romilor<\/h3><\/div><\/div><div class=\"qubely-info-box-content\"><div class=\"qubely-info-box-text\">Programul de formare are ca scop dezvoltarea nivelului de cunoa\u015ftere de c\u0103tre personalul didactic din \u00eenv\u0103\u021b\u0103m\u00e2ntul preuniversitar&#8230; <a href=\"https:\/\/www.agentiaimpreuna.ro\/capacitarea-romilor\/activitati-de-formare-a-cadrelor-didactice-in-istoria-romilor\/\">Afl\u0103 mai multe<\/a>   <\/div><\/div><\/div><\/div><\/div>\n\n\n\n<div class=\"wp-block-qubely-infobox qubely-block-354ba4\"><div class=\"qubely-block-info-box  qubely-info-box-layout-4\"><div class=\"qubely-info-box-body\"><div class=\"qubely-info-box-title-container  qubely-separator-position-top\"><div class=\"qubely-info-box-title-inner\"><h3 class=\"qubely-info-box-title\">Ac\u021biuni de advocacy pentru incluziunea social\u0103 a romilor<\/h3><\/div><\/div><div class=\"qubely-info-box-content\"><div class=\"qubely-info-box-text\">La nivelul celor 12 localit\u0103\u021bi, ONG-urile \u00eenfiin\u021bate, sprijinite de echipa de implementare vor realiza ac\u021biuni de advocacy&#8230; <a href=\"https:\/\/www.agentiaimpreuna.ro\/capacitarea-romilor\/actiuni-de-advocacy-pentru-incluziunea-sociala-a-romilor\/\">Afl\u0103 mai multe<\/a>   <\/div><\/div><\/div><\/div><\/div>\n\n\n\n<div class=\"wp-block-qubely-infobox qubely-block-62b811\"><div class=\"qubely-block-info-box  qubely-info-box-layout-4\"><div class=\"qubely-info-box-body\"><div class=\"qubely-info-box-title-container  qubely-separator-position-top\"><div class=\"qubely-info-box-title-inner\"><h3 class=\"qubely-info-box-title\">Schimb de experien\u021b\u0103 \u00eentre grupurile de ini\u021biativ\u0103 local\u0103<\/h3><\/div><\/div><div class=\"qubely-info-box-content\"><div class=\"qubely-info-box-text\">GIL-urile\/ ONG-urile \u00eenfiin\u021bate vor avea ocazia de a \u00een\u021belege \u0219i cunoa\u0219te procesele de dezvoltare comunitar\u0103 \u0219i promovare&#8230; <a href=\"https:\/\/www.agentiaimpreuna.ro\/capacitarea-romilor\/schimb-de-experienta-intre-grupurile-de-initiativa-locala\/\">Afl\u0103 mai multe<\/a>   <\/div><\/div><\/div><\/div><\/div>\n\n\n\n<div class=\"wp-block-qubely-infobox qubely-block-d5b343\"><div class=\"qubely-block-info-box  qubely-info-box-layout-4\"><div class=\"qubely-info-box-body\"><div class=\"qubely-info-box-title-container  qubely-separator-position-top\"><div class=\"qubely-info-box-title-inner\"><h3 class=\"qubely-info-box-title\">Activit\u0103\u021bi de dezvoltare organiza\u021bional\u0103<\/h3><\/div><\/div><div class=\"qubely-info-box-content\"><div class=\"qubely-info-box-text\">Fiecare dintre cele 3 ONG-uri partenere va realiza cursuri pe tema transparen\u021bei \u0219i a bunei guvern\u0103ri organiza\u021bionale cu echipele&#8230; <a href=\"https:\/\/www.agentiaimpreuna.ro\/capacitarea-romilor\/activitati-de-dezvoltare-organizationala\/\">Afl\u0103 mai multe<\/a>   <\/div><\/div><\/div><\/div><\/div>\n<\/div><\/div>\n<\/div><\/div><\/div>\n<\/div><\/div>\n<\/div><\/div><\/div>\n\n\n\n<div class=\"wp-block-qubely-wrapper qubely-block-063174\"><div class=\"qubely-block-wrapper-block \">\n<div class=\"wp-block-qubely-heading qubely-block-f6721c\" id=\"10-lets-build-something-together\"><div class=\"qubely-block-heading  \"><div class=\"qubely-heading-container\"><h2 class=\"qubely-heading-selector\">Pentru mai multe detalii v\u0103 invit\u0103m s\u0103 ne contacta\u021bi<\/h2><\/div><h3 class=\"qubely-sub-heading-selector\">Ne puteti contacta pe prin email, telefon, sau prin formularul de contact de pe pagina noastra de contact.<\/h3><\/div><\/div>\n\n\n\n<div class=\"wp-block-qubely-button qubely-block-8fa680\"><div class=\"qubely-block-btn-wrapper \"><div class=\"qubely-block-btn\"><a class=\"qubely-block-btn-anchor is-custom\" href=\"https:\/\/www.agentiaimpreuna.ro\/capacitarea-romilor\/contact\/\">Pagin\u0103 Contact<\/a><\/div><\/div><\/div>\n\n\n\n<p><\/p>\n<\/div><\/div>\n\n\n\n<div class=\"wp-block-qubely-row alignfull qubely-section qubely-block-2478fb\"><div class=\"qubely-row-overlay\"><\/div><div class=\"qubely-container\"><div class=\"qubely-row \">\n<div class=\"wp-block-qubely-column qubely-column qubely-column-front qubely-block-aee8db\"><div class=\"qubely-column-inner\"><\/div><\/div>\n<\/div><\/div><\/div>\n","protected":false},"excerpt":{"rendered":"","protected":false},"author":1,"featured_media":0,"parent":0,"menu_order":0,"comment_status":"closed","ping_status":"closed","template":"","meta":{"qubely_global_settings":"","qubely_interactions":"","footnotes":""},"class_list":["post-9","page","type-page","status-publish","hentry"],"blocksy_meta":{"page_title_panel":"","has_hero_section":"disabled","a021d615acb00704d22a215bb20821ff":"","hero_section":"type-1","hero_elements":[{"id":"custom_title","enabled":true,"heading_tag":"h1","title":"Home"},{"id":"custom_description","enabled":true,"description_visibility":{"desktop":true,"tablet":true,"mobile":false}},{"id":"custom_meta","enabled":false,"meta_elements":[{"id":"author","enabled":true,"label":"By","has_author_avatar":"yes","avatar_size":25},{"id":"post_date","enabled":true,"label":"On","date_format_source":"default","date_format":"M j, Y"},{"id":"comments","enabled":true}],"page_meta_elements":{"joined":true,"articles_count":true,"comments":true}},{"id":"breadcrumbs","enabled":false}],"d0505c9bc2c3a100918983b7672c5e6d":"","hero_alignment1":"left","hero_alignment2":"center","hero_vertical_alignment":"center","69a73150cebfaece67402936f1c0455f":"","hero_structure":"narrow","bd1080d581870d75437a0aec7ce14d23":"","page_title_bg_type":"featured_image","custom_hero_background":{"attachment_id":null},"parallax":{"desktop":false,"tablet":false,"mobile":false},"a45ed0d64b9a771c158335017296bd80":"","hero_height":"250px","pageTitleFont":{"family":"Default","variation":"Default","size":{"desktop":"32px","tablet":"30px","mobile":"25px"},"line-height":"CT_CSS_SKIP_RULE","letter-spacing":"CT_CSS_SKIP_RULE","text-transform":"CT_CSS_SKIP_RULE","text-decoration":"CT_CSS_SKIP_RULE"},"pageTitleFontColor":{"default":{"color":"CT_CSS_SKIP_RULEDEFAULT"}},"pageMetaFont":{"family":"Default","variation":"n6","size":{"desktop":"12px","tablet":"12px","mobile":"12px"},"line-height":"1.3","letter-spacing":"CT_CSS_SKIP_RULE","text-transform":"uppercase","text-decoration":"CT_CSS_SKIP_RULE"},"pageMetaFontColor":{"default":{"color":"CT_CSS_SKIP_RULEDEFAULT"},"hover":{"color":"CT_CSS_SKIP_RULEDEFAULT"}},"pageExcerptFont":{"family":"Default","variation":"Default","size":"CT_CSS_SKIP_RULE","line-height":"CT_CSS_SKIP_RULE","letter-spacing":"CT_CSS_SKIP_RULE","text-transform":"CT_CSS_SKIP_RULE","text-decoration":"CT_CSS_SKIP_RULE"},"pageExcerptColor":{"default":{"color":"CT_CSS_SKIP_RULEDEFAULT"}},"breadcrumbsFont":{"family":"Default","variation":"n6","size":"12px","line-height":"CT_CSS_SKIP_RULE","letter-spacing":"CT_CSS_SKIP_RULE","text-transform":"uppercase","text-decoration":"CT_CSS_SKIP_RULE"},"breadcrumbsFontColor":{"default":{"color":"CT_CSS_SKIP_RULEDEFAULT"},"initial":{"color":"CT_CSS_SKIP_RULEDEFAULT"},"hover":{"color":"CT_CSS_SKIP_RULEDEFAULT"}},"pageTitleOverlay":{"default":{"color":"rgba(41, 51, 60, 0.2)"}},"pageTitleBackground":{"background_type":"color","background_pattern":"type-1","background_image":{"attachment_id":null,"x":0,"y":0},"background_repeat":"no-repeat","background_size":"auto","background_attachment":"scroll","patternColor":{"default":{"color":"#e5e7ea"}},"backgroundColor":{"default":{"color":"#EDEFF2"}}},"c0700eea2d5f2a79943114245d9b0d3c":"","page_structure_type":"default","content_style":"inherit","vertical_spacing_source":"custom","content_area_spacing":"none","background":{"background_type":"color","background_pattern":"type-1","background_image":{"attachment_id":null,"x":0,"y":0},"background_repeat":"no-repeat","background_size":"auto","background_attachment":"scroll","patternColor":{"default":{"color":"#e5e7ea"}},"backgroundColor":{"default":{"color":"CT_CSS_SKIP_RULE"}}},"content_background":{"background_type":"color","background_pattern":"type-1","background_image":{"attachment_id":null,"x":0,"y":0},"background_repeat":"no-repeat","background_size":"auto","background_attachment":"scroll","patternColor":{"default":{"color":"#e5e7ea"}},"backgroundColor":{"default":{"color":"#ffffff"}}},"content_boxed_spacing":{"desktop":"40px","tablet":"35px","mobile":"20px"},"content_boxed_radius":{"top":"3px","bottom":"3px","left":"3px","right":"3px","linked":true},"content_boxed_shadow":{"blur":18,"spread":-6,"v_offset":12,"h_offset":0,"inset":false,"enable":true,"color":{"color":"rgba(34, 56, 101, 0.04)"}},"05c14464af83440d2458a3b59cd3c7c8":"","disable_featured_image":"no","disable_header":"no","disable_footer":"no","styles_descriptor":{"styles":{"desktop":"","tablet":"","mobile":""},"google_fonts":[]}},"rankMath":{"parentDomain":"agentiaimpreuna.ro","noFollowDomains":[],"noFollowExcludeDomains":[],"noFollowExternalLinks":false,"featuredImageNotice":"Imaginea reprezentativ\u0103 ar trebui s\u0103 fie de cel pu\u021bin 200 x 200 pixeli pentru a fi preluat\u0103 de Facebook \u0219i de alte re\u021bele de socializare.","pluginReviewed":false,"postSettings":{"linkSuggestions":true,"useFocusKeyword":false},"frontEndScore":false,"postName":"acasa","permalinkFormat":"https:\/\/www.agentiaimpreuna.ro\/capacitarea-romilor\/","showLockModifiedDate":true,"assessor":{"focusKeywordLink":"https:\/\/www.agentiaimpreuna.ro\/capacitarea-romilor\/wp-admin\/edit.php?focus_keyword=%focus_keyword%&post_type=%post_type%","hasTOCPlugin":false,"primaryTaxonomy":false,"serpData":{"title":"Capacitarea \u0219i Abilitarea Romilor prin Lobby \u0219i Ac\u021biune - Agen\u021bia Impreun\u0103","description":"","focusKeywords":"","pillarContent":false,"canonicalUrl":"","breadcrumbTitle":"","advancedRobots":[],"facebookTitle":"","facebookDescription":"","facebookImage":"","facebookImageID":"","facebookHasOverlay":false,"facebookImageOverlay":"","facebookAuthor":"","twitterCardType":"","twitterUseFacebook":true,"twitterTitle":"","twitterDescription":"","twitterImage":"","twitterImageID":"","twitterHasOverlay":false,"twitterImageOverlay":"","twitterPlayerUrl":"","twitterPlayerSize":"","twitterPlayerStream":"","twitterPlayerStreamCtype":"","twitterAppDescription":"","twitterAppIphoneName":"","twitterAppIphoneID":"","twitterAppIphoneUrl":"","twitterAppIpadName":"","twitterAppIpadID":"","twitterAppIpadUrl":"","twitterAppGoogleplayName":"","twitterAppGoogleplayID":"","twitterAppGoogleplayUrl":"","twitterAppCountry":"","robots":{"index":true},"twitterAuthor":"nume utilizator","primaryTerm":0,"authorName":"agenadmin","titleTemplate":"%title% %sep% %sitename%","descriptionTemplate":"%excerpt%","showScoreFrontend":true,"lockModifiedDate":false},"powerWords":[],"diacritics":{"A":"[\\u0041\\u24B6\\uFF21\\u00C0\\u00C1\\u00C2\\u1EA6\\u1EA4\\u1EAA\\u1EA8\\u00C3\\u0100\\u0102\\u1EB0\\u1EAE\\u1EB4\\u1EB2\\u0226\\u01E0\\u00C4\\u01DE\\u1EA2\\u00C5\\u01FA\\u01CD\\u0200\\u0202\\u1EA0\\u1EAC\\u1EB6\\u1E00\\u0104\\u023A\\u2C6F]","AA":"[\\uA732]","AE":"[\\u00C6\\u01FC\\u01E2]","AO":"[\\uA734]","AU":"[\\uA736]","AV":"[\\uA738\\uA73A]","AY":"[\\uA73C]","B":"[\\u0042\\u24B7\\uFF22\\u1E02\\u1E04\\u1E06\\u0243\\u0182\\u0181]","C":"[\\u0043\\u24B8\\uFF23\\u0106\\u0108\\u010A\\u010C\\u00C7\\u1E08\\u0187\\u023B\\uA73E]","D":"[\\u0044\\u24B9\\uFF24\\u1E0A\\u010E\\u1E0C\\u1E10\\u1E12\\u1E0E\\u0110\\u018B\\u018A\\u0189\\uA779]","DZ":"[\\u01F1\\u01C4]","Dz":"[\\u01F2\\u01C5]","E":"[\\u0045\\u24BA\\uFF25\\u00C8\\u00C9\\u00CA\\u1EC0\\u1EBE\\u1EC4\\u1EC2\\u1EBC\\u0112\\u1E14\\u1E16\\u0114\\u0116\\u00CB\\u1EBA\\u011A\\u0204\\u0206\\u1EB8\\u1EC6\\u0228\\u1E1C\\u0118\\u1E18\\u1E1A\\u0190\\u018E]","F":"[\\u0046\\u24BB\\uFF26\\u1E1E\\u0191\\uA77B]","G":"[\\u0047\\u24BC\\uFF27\\u01F4\\u011C\\u1E20\\u011E\\u0120\\u01E6\\u0122\\u01E4\\u0193\\uA7A0\\uA77D\\uA77E]","H":"[\\u0048\\u24BD\\uFF28\\u0124\\u1E22\\u1E26\\u021E\\u1E24\\u1E28\\u1E2A\\u0126\\u2C67\\u2C75\\uA78D]","I":"[\\u0049\\u24BE\\uFF29\\u00CC\\u00CD\\u00CE\\u0128\\u012A\\u012C\\u0130\\u00CF\\u1E2E\\u1EC8\\u01CF\\u0208\\u020A\\u1ECA\\u012E\\u1E2C\\u0197]","J":"[\\u004A\\u24BF\\uFF2A\\u0134\\u0248]","K":"[\\u004B\\u24C0\\uFF2B\\u1E30\\u01E8\\u1E32\\u0136\\u1E34\\u0198\\u2C69\\uA740\\uA742\\uA744\\uA7A2]","L":"[\\u004C\\u24C1\\uFF2C\\u013F\\u0139\\u013D\\u1E36\\u1E38\\u013B\\u1E3C\\u1E3A\\u0141\\u023D\\u2C62\\u2C60\\uA748\\uA746\\uA780]","LJ":"[\\u01C7]","Lj":"[\\u01C8]","M":"[\\u004D\\u24C2\\uFF2D\\u1E3E\\u1E40\\u1E42\\u2C6E\\u019C]","N":"[\\u004E\\u24C3\\uFF2E\\u01F8\\u0143\\u00D1\\u1E44\\u0147\\u1E46\\u0145\\u1E4A\\u1E48\\u0220\\u019D\\uA790\\uA7A4]","NJ":"[\\u01CA]","Nj":"[\\u01CB]","O":"[\\u004F\\u24C4\\uFF2F\\u00D2\\u00D3\\u00D4\\u1ED2\\u1ED0\\u1ED6\\u1ED4\\u00D5\\u1E4C\\u022C\\u1E4E\\u014C\\u1E50\\u1E52\\u014E\\u022E\\u0230\\u00D6\\u022A\\u1ECE\\u0150\\u01D1\\u020C\\u020E\\u01A0\\u1EDC\\u1EDA\\u1EE0\\u1EDE\\u1EE2\\u1ECC\\u1ED8\\u01EA\\u01EC\\u00D8\\u01FE\\u0186\\u019F\\uA74A\\uA74C]","OI":"[\\u01A2]","OO":"[\\uA74E]","OU":"[\\u0222]","P":"[\\u0050\\u24C5\\uFF30\\u1E54\\u1E56\\u01A4\\u2C63\\uA750\\uA752\\uA754]","Q":"[\\u0051\\u24C6\\uFF31\\uA756\\uA758\\u024A]","R":"[\\u0052\\u24C7\\uFF32\\u0154\\u1E58\\u0158\\u0210\\u0212\\u1E5A\\u1E5C\\u0156\\u1E5E\\u024C\\u2C64\\uA75A\\uA7A6\\uA782]","S":"[\\u0053\\u24C8\\uFF33\\u1E9E\\u015A\\u1E64\\u015C\\u1E60\\u0160\\u1E66\\u1E62\\u1E68\\u0218\\u015E\\u2C7E\\uA7A8\\uA784]","T":"[\\u0054\\u24C9\\uFF34\\u1E6A\\u0164\\u1E6C\\u021A\\u0162\\u1E70\\u1E6E\\u0166\\u01AC\\u01AE\\u023E\\uA786]","TZ":"[\\uA728]","U":"[\\u0055\\u24CA\\uFF35\\u00D9\\u00DA\\u00DB\\u0168\\u1E78\\u016A\\u1E7A\\u016C\\u00DC\\u01DB\\u01D7\\u01D5\\u01D9\\u1EE6\\u016E\\u0170\\u01D3\\u0214\\u0216\\u01AF\\u1EEA\\u1EE8\\u1EEE\\u1EEC\\u1EF0\\u1EE4\\u1E72\\u0172\\u1E76\\u1E74\\u0244]","V":"[\\u0056\\u24CB\\uFF36\\u1E7C\\u1E7E\\u01B2\\uA75E\\u0245]","VY":"[\\uA760]","W":"[\\u0057\\u24CC\\uFF37\\u1E80\\u1E82\\u0174\\u1E86\\u1E84\\u1E88\\u2C72]","X":"[\\u0058\\u24CD\\uFF38\\u1E8A\\u1E8C]","Y":"[\\u0059\\u24CE\\uFF39\\u1EF2\\u00DD\\u0176\\u1EF8\\u0232\\u1E8E\\u0178\\u1EF6\\u1EF4\\u01B3\\u024E\\u1EFE]","Z":"[\\u005A\\u24CF\\uFF3A\\u0179\\u1E90\\u017B\\u017D\\u1E92\\u1E94\\u01B5\\u0224\\u2C7F\\u2C6B\\uA762]","a":"[\\u0061\\u24D0\\uFF41\\u1E9A\\u00E0\\u00E1\\u00E2\\u1EA7\\u1EA5\\u1EAB\\u1EA9\\u00E3\\u0101\\u0103\\u1EB1\\u1EAF\\u1EB5\\u1EB3\\u0227\\u01E1\\u00E4\\u01DF\\u1EA3\\u00E5\\u01FB\\u01CE\\u0201\\u0203\\u1EA1\\u1EAD\\u1EB7\\u1E01\\u0105\\u2C65\\u0250]","aa":"[\\uA733]","ae":"[\\u00E6\\u01FD\\u01E3]","ao":"[\\uA735]","au":"[\\uA737]","av":"[\\uA739\\uA73B]","ay":"[\\uA73D]","b":"[\\u0062\\u24D1\\uFF42\\u1E03\\u1E05\\u1E07\\u0180\\u0183\\u0253]","c":"[\\u0063\\u24D2\\uFF43\\u0107\\u0109\\u010B\\u010D\\u00E7\\u1E09\\u0188\\u023C\\uA73F\\u2184]","d":"[\\u0064\\u24D3\\uFF44\\u1E0B\\u010F\\u1E0D\\u1E11\\u1E13\\u1E0F\\u0111\\u018C\\u0256\\u0257\\uA77A]","dz":"[\\u01F3\\u01C6]","e":"[\\u0065\\u24D4\\uFF45\\u00E8\\u00E9\\u00EA\\u1EC1\\u1EBF\\u1EC5\\u1EC3\\u1EBD\\u0113\\u1E15\\u1E17\\u0115\\u0117\\u00EB\\u1EBB\\u011B\\u0205\\u0207\\u1EB9\\u1EC7\\u0229\\u1E1D\\u0119\\u1E19\\u1E1B\\u0247\\u025B\\u01DD]","f":"[\\u0066\\u24D5\\uFF46\\u1E1F\\u0192\\uA77C]","g":"[\\u0067\\u24D6\\uFF47\\u01F5\\u011D\\u1E21\\u011F\\u0121\\u01E7\\u0123\\u01E5\\u0260\\uA7A1\\u1D79\\uA77F]","h":"[\\u0068\\u24D7\\uFF48\\u0125\\u1E23\\u1E27\\u021F\\u1E25\\u1E29\\u1E2B\\u1E96\\u0127\\u2C68\\u2C76\\u0265]","hv":"[\\u0195]","i":"[\\u0069\\u24D8\\uFF49\\u00EC\\u00ED\\u00EE\\u0129\\u012B\\u012D\\u00EF\\u1E2F\\u1EC9\\u01D0\\u0209\\u020B\\u1ECB\\u012F\\u1E2D\\u0268\\u0131]","j":"[\\u006A\\u24D9\\uFF4A\\u0135\\u01F0\\u0249]","k":"[\\u006B\\u24DA\\uFF4B\\u1E31\\u01E9\\u1E33\\u0137\\u1E35\\u0199\\u2C6A\\uA741\\uA743\\uA745\\uA7A3]","l":"[\\u006C\\u24DB\\uFF4C\\u0140\\u013A\\u013E\\u1E37\\u1E39\\u013C\\u1E3D\\u1E3B\\u017F\\u0142\\u019A\\u026B\\u2C61\\uA749\\uA781\\uA747]","lj":"[\\u01C9]","m":"[\\u006D\\u24DC\\uFF4D\\u1E3F\\u1E41\\u1E43\\u0271\\u026F]","n":"[\\u006E\\u24DD\\uFF4E\\u01F9\\u0144\\u00F1\\u1E45\\u0148\\u1E47\\u0146\\u1E4B\\u1E49\\u019E\\u0272\\u0149\\uA791\\uA7A5]","nj":"[\\u01CC]","o":"[\\u006F\\u24DE\\uFF4F\\u00F2\\u00F3\\u00F4\\u1ED3\\u1ED1\\u1ED7\\u1ED5\\u00F5\\u1E4D\\u022D\\u1E4F\\u014D\\u1E51\\u1E53\\u014F\\u022F\\u0231\\u00F6\\u022B\\u1ECF\\u0151\\u01D2\\u020D\\u020F\\u01A1\\u1EDD\\u1EDB\\u1EE1\\u1EDF\\u1EE3\\u1ECD\\u1ED9\\u01EB\\u01ED\\u00F8\\u01FF\\u0254\\uA74B\\uA74D\\u0275]","oi":"[\\u01A3]","ou":"[\\u0223]","oo":"[\\uA74F]","p":"[\\u0070\\u24DF\\uFF50\\u1E55\\u1E57\\u01A5\\u1D7D\\uA751\\uA753\\uA755]","q":"[\\u0071\\u24E0\\uFF51\\u024B\\uA757\\uA759]","r":"[\\u0072\\u24E1\\uFF52\\u0155\\u1E59\\u0159\\u0211\\u0213\\u1E5B\\u1E5D\\u0157\\u1E5F\\u024D\\u027D\\uA75B\\uA7A7\\uA783]","s":"[\\u0073\\u24E2\\uFF53\\u015B\\u1E65\\u015D\\u1E61\\u0161\\u1E67\\u1E63\\u1E69\\u0219\\u015F\\u023F\\uA7A9\\uA785\\u1E9B]","ss":"[\\u00DF]","t":"[\\u0074\\u24E3\\uFF54\\u1E6B\\u1E97\\u0165\\u1E6D\\u021B\\u0163\\u1E71\\u1E6F\\u0167\\u01AD\\u0288\\u2C66\\uA787]","tz":"[\\uA729]","u":"[\\u0075\\u24E4\\uFF55\\u00F9\\u00FA\\u00FB\\u0169\\u1E79\\u016B\\u1E7B\\u016D\\u00FC\\u01DC\\u01D8\\u01D6\\u01DA\\u1EE7\\u016F\\u0171\\u01D4\\u0215\\u0217\\u01B0\\u1EEB\\u1EE9\\u1EEF\\u1EED\\u1EF1\\u1EE5\\u1E73\\u0173\\u1E77\\u1E75\\u0289]","v":"[\\u0076\\u24E5\\uFF56\\u1E7D\\u1E7F\\u028B\\uA75F\\u028C]","vy":"[\\uA761]","w":"[\\u0077\\u24E6\\uFF57\\u1E81\\u1E83\\u0175\\u1E87\\u1E85\\u1E98\\u1E89\\u2C73]","x":"[\\u0078\\u24E7\\uFF58\\u1E8B\\u1E8D]","y":"[\\u0079\\u24E8\\uFF59\\u1EF3\\u00FD\\u0177\\u1EF9\\u0233\\u1E8F\\u00FF\\u1EF7\\u1E99\\u1EF5\\u01B4\\u024F\\u1EFF]","z":"[\\u007A\\u24E9\\uFF5A\\u017A\\u1E91\\u017C\\u017E\\u1E93\\u1E95\\u01B6\\u0225\\u0240\\u2C6C\\uA763]"},"researchesTests":["contentHasTOC","contentHasShortParagraphs","contentHasAssets","keywordInTitle","keywordInMetaDescription","keywordInPermalink","keywordIn10Percent","keywordInContent","keywordInSubheadings","keywordInImageAlt","keywordDensity","keywordNotUsed","lengthContent","lengthPermalink","linksHasInternal","linksHasExternals","linksNotAllExternals","titleStartWithKeyword","titleSentiment","titleHasPowerWords","titleHasNumber","hasContentAI"],"hasRedirection":false,"hasBreadcrumb":false},"homeUrl":"https:\/\/www.agentiaimpreuna.ro\/capacitarea-romilor","objectID":9,"objectType":"post","locale":"ro","localeFull":"ro_RO","overlayImages":{"play":{"name":"Icon redare","url":"https:\/\/www.agentiaimpreuna.ro\/capacitarea-romilor\/wp-content\/plugins\/seo-by-rank-math\/assets\/admin\/img\/icon-play.png","path":"\/home\/impreuna\/public_html\/capacitarea-romilor\/wp-content\/plugins\/seo-by-rank-math\/assets\/admin\/img\/icon-play.png","position":"middle_center"},"gif":{"name":"Icon GIF","url":"https:\/\/www.agentiaimpreuna.ro\/capacitarea-romilor\/wp-content\/plugins\/seo-by-rank-math\/assets\/admin\/img\/icon-gif.png","path":"\/home\/impreuna\/public_html\/capacitarea-romilor\/wp-content\/plugins\/seo-by-rank-math\/assets\/admin\/img\/icon-gif.png","position":"middle_center"}},"defautOgImage":"https:\/\/www.agentiaimpreuna.ro\/capacitarea-romilor\/wp-content\/uploads\/2021\/09\/Logo-New-Capacitarea-Romilor.png","customPermalinks":true,"isUserRegistered":false,"autoSuggestKeywords":false,"connectSiteUrl":"https:\/\/rankmath.com\/auth?site=https%3A%2F%2Fwww.agentiaimpreuna.ro%2Fcapacitarea-romilor&r=https%3A%2F%2Fwww.agentiaimpreuna.ro%2Fcapacitarea-romilor%2Fwp-json%2Fwp%2Fv2%2Fpages%2F9%3Fnonce%3De3f8b67783","maxTags":5,"trendsIcon":"<svg viewBox=\"0 0 610 610\"><path d=\"M18.85,446,174.32,290.48l58.08,58.08L76.93,504a14.54,14.54,0,0,1-20.55,0L18.83,466.48a14.54,14.54,0,0,1,0-20.55Z\" style=\"fill:#4285f4\"\/><path d=\"M242.65,242.66,377.59,377.6l-47.75,47.75a14.54,14.54,0,0,1-20.55,0L174.37,290.43l47.75-47.75A14.52,14.52,0,0,1,242.65,242.66Z\" style=\"fill:#ea4335\"\/><polygon points=\"319.53 319.53 479.26 159.8 537.34 217.88 377.61 377.62 319.53 319.53\" style=\"fill:#fabb05\"\/><path d=\"M594.26,262.73V118.61h0a16.94,16.94,0,0,0-16.94-16.94H433.2a16.94,16.94,0,0,0-12,28.92L565.34,274.71h0a16.94,16.94,0,0,0,28.92-12Z\" style=\"fill:#34a853\"\/><rect width=\"610\" height=\"610\" style=\"fill:none\"\/><\/svg>","showScore":true,"siteFavIcon":"data:image\/png;base64,iVBORw0KGgoAAAANSUhEUgAAABAAAAAQCAYAAAAf8\/9hAAABs0lEQVR4AWL4\/\/8\/RRjO8Iucx+noO0MWUDo16FYABMGP6ZfUcRnWtm27jVPbtm3bttuH2t3eFPcY9pLz7NxiLjCyVd87pKnHyqXyxtCs8APd0rnyxiu4qSeA3QEDrAwBDrT1s1Rc\/OrjLZwqVmOSu6+Lamcpp2KKMA9PH1BYXMe1mUP5qotvXTywsOEEYHXxrY+3cqk6TMkYpNr2FeoY3KIr0RPtn9wQ2unlA+GMkRw6+9TFw4YTwDUzx\/JVvARj9KaedXRO8P5B1Du2S32smzqUrcKGEyA+uAgQjKX7zf0boWHGfn71jIKj2689gxp7OAGShNcBUmLMPVjZuiKcA2vuWHHDCQxMCz629kXAIU4ApY15QwggAFbfOP9DhgBJ+nWVJ1AZAfICAj1pAlY6hCADZnveQf7bQIwzVONGJonhLIlS9gr5mFg44Xd+4S3XHoGNPdJl1INIwKyEgHckEhgTe1bGiFY9GSFBYUwLh1IkiJUbY407E7syBSFxKTszEoiE\/YdrgCEayDmtaJwCI9uu8TKMuZSVfSa4BpGgzvomBR\/INhLGzrqDotp01ZR8pn\/1L0JN9d9XNyx0AAAAAElFTkSuQmCC","canUser":{"general":false,"advanced":false,"snippet":false,"social":false,"analysis":false,"analytics":false,"content_ai":false},"showKeywordIntent":true,"isPro":false,"is_front_page":false,"trendsUpgradeLink":"https:\/\/rankmath.com\/pricing\/?utm_source=Plugin&utm_medium=CE%20General%20Tab%20Trends&utm_campaign=WP","trendsUpgradeLabel":"Actualizeaz\u0103","trendsPreviewImage":"https:\/\/www.agentiaimpreuna.ro\/capacitarea-romilor\/wp-content\/plugins\/seo-by-rank-math\/assets\/admin\/img\/trends-preview.jpg","currentEditor":false,"homepageData":{"assessor":{"powerWords":[],"diacritics":true,"researchesTests":["contentHasTOC","contentHasShortParagraphs","contentHasAssets","keywordInTitle","keywordInMetaDescription","keywordInPermalink","keywordIn10Percent","keywordInContent","keywordInSubheadings","keywordInImageAlt","keywordDensity","keywordNotUsed","lengthContent","lengthPermalink","linksHasInternal","linksHasExternals","linksNotAllExternals","titleStartWithKeyword","titleSentiment","titleHasPowerWords","titleHasNumber","hasContentAI"],"hasBreadcrumb":false,"serpData":{"title":"%sitename% %page% %sep% %sitedesc%","description":"","titleTemplate":"%sitename% %page% %sep% %sitedesc%","descriptionTemplate":"","focusKeywords":"","breadcrumbTitle":"Home","robots":{"index":true},"advancedRobots":[],"facebookTitle":"","facebookDescription":"","facebookImage":"","facebookImageID":""}}},"tocTitle":"Table of Contents","tocExcludeHeadings":[],"listStyle":"ul"},"featured_image_urls":{"full":"","thumbnail":"","medium":"","medium_large":"","large":"","1536x1536":"","2048x2048":"","trp-custom-language-flag":"","qubely_landscape":"","qubely_portrait":"","qubely_thumbnail":""},"post_excerpt_stackable":"<p>Capacitarea \u0219i Abilitarea Romilor prin Lobby \u0219i Ac\u021biune \u00a0Prezentare Proiect\u00a0 Proiect derulat de Funda\u021bia Agen\u021bia de Dezvoltare Comunitar\u0103 \u201e\u00cempreun\u0103\u201dProiectul este derulat de Funda\u021bia Agen\u021bia de Dezvoltare Comuunitar\u0103 \u201e\u00cempreun\u0103\u201d \u00een parteneriat cu Centrul Romilor pentru Politici de Sanatate \u2013 SASTIPEN si Asociatia Centrul pentru Educatie si Drepturile Omului \u2013 ACEDO \u0219i beneficiaz\u0103 de o finan\u021bare \u00een valoare de 223 964 euro, prin programul Active Citizens Fund Romania, finan\u021bat de Islanda, Liechtenstein \u0219i Norvegia prin Granturile SEE 2014-2021. Con\u021binutul acestei pagini nu reprezint\u0103 \u00een mod necesar pozi\u021bia oficiala a Granturilor SEE \u0219i Norvegiene 2014-2021; pentru mai multe informa\u021bii accesa\u021bi www.eeagrants.org. Informa\u021bii despre&hellip;<\/p>\n","category_list":"","author_info":{"name":"agenadmin","url":"https:\/\/www.agentiaimpreuna.ro\/capacitarea-romilor\/author\/agenadmin\/"},"comments_num":"0 comments","featured_image_urls_v2":{"full":"","thumbnail":"","medium":"","medium_large":"","large":"","1536x1536":"","2048x2048":"","trp-custom-language-flag":"","qubely_landscape":"","qubely_portrait":"","qubely_thumbnail":""},"post_excerpt_stackable_v2":"<p>Capacitarea \u0219i Abilitarea Romilor prin Lobby \u0219i Ac\u021biune \u00a0Prezentare Proiect\u00a0 Proiect derulat de Funda\u021bia Agen\u021bia de Dezvoltare Comunitar\u0103 \u201e\u00cempreun\u0103\u201dProiectul este derulat de Funda\u021bia Agen\u021bia de Dezvoltare Comuunitar\u0103 \u201e\u00cempreun\u0103\u201d \u00een parteneriat cu Centrul Romilor pentru Politici de Sanatate \u2013 SASTIPEN si Asociatia Centrul pentru Educatie si Drepturile Omului \u2013 ACEDO \u0219i beneficiaz\u0103 de o finan\u021bare \u00een valoare de 223 964 euro, prin programul Active Citizens Fund Romania, finan\u021bat de Islanda, Liechtenstein \u0219i Norvegia prin Granturile SEE 2014-2021. Con\u021binutul acestei pagini nu reprezint\u0103 \u00een mod necesar pozi\u021bia oficiala a Granturilor SEE \u0219i Norvegiene 2014-2021; pentru mai multe informa\u021bii accesa\u021bi www.eeagrants.org. Informa\u021bii despre&hellip;<\/p>\n","category_list_v2":"","author_info_v2":{"name":"agenadmin","url":"https:\/\/www.agentiaimpreuna.ro\/capacitarea-romilor\/author\/agenadmin\/"},"comments_num_v2":"0 comments","_links":{"self":[{"href":"https:\/\/www.agentiaimpreuna.ro\/capacitarea-romilor\/wp-json\/wp\/v2\/pages\/9","targetHints":{"allow":["GET"]}}],"collection":[{"href":"https:\/\/www.agentiaimpreuna.ro\/capacitarea-romilor\/wp-json\/wp\/v2\/pages"}],"about":[{"href":"https:\/\/www.agentiaimpreuna.ro\/capacitarea-romilor\/wp-json\/wp\/v2\/types\/page"}],"author":[{"embeddable":true,"href":"https:\/\/www.agentiaimpreuna.ro\/capacitarea-romilor\/wp-json\/wp\/v2\/users\/1"}],"replies":[{"embeddable":true,"href":"https:\/\/www.agentiaimpreuna.ro\/capacitarea-romilor\/wp-json\/wp\/v2\/comments?post=9"}],"version-history":[{"count":78,"href":"https:\/\/www.agentiaimpreuna.ro\/capacitarea-romilor\/wp-json\/wp\/v2\/pages\/9\/revisions"}],"predecessor-version":[{"id":874,"href":"https:\/\/www.agentiaimpreuna.ro\/capacitarea-romilor\/wp-json\/wp\/v2\/pages\/9\/revisions\/874"}],"wp:attachment":[{"href":"https:\/\/www.agentiaimpreuna.ro\/capacitarea-romilor\/wp-json\/wp\/v2\/media?parent=9"}],"curies":[{"name":"wp","href":"https:\/\/api.w.org\/{rel}","templated":true}]}}